{"id":1540,"date":"2023-11-27T09:08:43","date_gmt":"2023-11-27T15:08:43","guid":{"rendered":"https:\/\/agec.campeche.gob.mx\/?page_id=1540"},"modified":"2025-08-08T11:02:29","modified_gmt":"2025-08-08T17:02:29","slug":"historia","status":"publish","type":"page","link":"https:\/\/agec.campeche.gob.mx\/?page_id=1540","title":{"rendered":"Historia"},"content":{"rendered":"<p>[et_pb_section fb_built=&#8221;1&#8243; _builder_version=&#8221;4.22.1&#8243; _module_preset=&#8221;default&#8221; global_colors_info=&#8221;{}&#8221;][et_pb_row column_structure=&#8221;1_2,1_2&#8243; _builder_version=&#8221;4.22.1&#8243; _module_preset=&#8221;default&#8221; global_colors_info=&#8221;{}&#8221;][et_pb_column type=&#8221;1_2&#8243; _builder_version=&#8221;4.22.1&#8243; _module_preset=&#8221;default&#8221; global_colors_info=&#8221;{}&#8221;][et_pb_image src=&#8221;https:\/\/agec.campeche.gob.mx\/wp-content\/uploads\/ninas-AGEC-scaled.jpg&#8221; title_text=&#8221;ninas-AGEC&#8221; _builder_version=&#8221;4.27.4&#8243; _module_preset=&#8221;default&#8221; hover_enabled=&#8221;0&#8243; border_radii=&#8221;on|5px|5px|5px|5px&#8221; box_shadow_style=&#8221;preset1&#8243; global_colors_info=&#8221;{}&#8221; sticky_enabled=&#8221;0&#8243;][\/et_pb_image][\/et_pb_column][et_pb_column type=&#8221;1_2&#8243; _builder_version=&#8221;4.22.1&#8243; _module_preset=&#8221;default&#8221; global_colors_info=&#8221;{}&#8221;][et_pb_text _builder_version=&#8221;4.23.1&#8243; _module_preset=&#8221;default&#8221; header_font=&#8221;|700|||||||&#8221; header_text_align=&#8221;center&#8221; header_text_color=&#8221;#691C32&#8243; custom_padding=&#8221;140px|||||&#8221; global_colors_info=&#8221;{}&#8221;]<\/p>\n<h1>Historia<\/h1>\n<p>[\/et_pb_text][\/et_pb_column][\/et_pb_row][et_pb_row _builder_version=&#8221;4.22.1&#8243; _module_preset=&#8221;default&#8221; global_colors_info=&#8221;{}&#8221;][et_pb_column type=&#8221;4_4&#8243; _builder_version=&#8221;4.22.1&#8243; _module_preset=&#8221;default&#8221; global_colors_info=&#8221;{}&#8221;][et_pb_text _builder_version=&#8221;4.22.1&#8243; _module_preset=&#8221;default&#8221; text_text_color=&#8221;#000000&#8243; text_font_size=&#8221;17px&#8221; global_colors_info=&#8221;{}&#8221;]<\/p>\n<p style=\"text-align: justify;\"><span>El Archivo General del Estado de Campeche es el sucesor del Archivo P\u00fablico del Estado creado el 5 de abril de 1941 durante el gobierno del Dr. H\u00e9ctor P\u00e9rez Mart\u00ednez (1939-1943); realiz\u00f3 sus funciones en un sal\u00f3n del antiguo Palacio de Gobierno ubicado frente a la Plaza de la Independencia hasta 1963, cuando fue demolido el edificio y los acervos que lo constitu\u00edan pasaron al s\u00f3tano del actual Palacio de Gobierno.<\/span><\/p>\n<p>[\/et_pb_text][et_pb_text _builder_version=&#8221;4.22.1&#8243; _module_preset=&#8221;default&#8221; text_text_color=&#8221;#000000&#8243; text_font_size=&#8221;17px&#8221; global_colors_info=&#8221;{}&#8221;]<\/p>\n<p style=\"text-align: justify;\"><span>En 1980 el Gobernador Eugenio Echeverr\u00eda Castellot (1979-1985), orden\u00f3 el rescate y traslado de los documentos del Archivo P\u00fablico al predio n\u00famero 16 de la calle 55 del centro hist\u00f3rico de la capital campechana donde funcion\u00f3 hasta el a\u00f1o de 1985 cuando se mud\u00f3 a un edificio construido para el Archivo, pero que a\u00f1os m\u00e1s tarde pas\u00f3 a ser parte de la sede del Poder Judicial del Estado.<\/span><\/p>\n<p>[\/et_pb_text][et_pb_text _builder_version=&#8221;4.22.1&#8243; _module_preset=&#8221;default&#8221; text_text_color=&#8221;#000000&#8243; text_font_size=&#8221;17px&#8221; global_colors_info=&#8221;{}&#8221;]<\/p>\n<p style=\"text-align: justify;\"><span>El 13 de agosto de 1997, se promulg\u00f3 la Ley del Archivo General del Estado, \u00f3rgano que sustituy\u00f3 al Archivo P\u00fablico y que al d\u00eda siguiente abri\u00f3 sus puertas en el centro de la capital, teniendo como sede un hist\u00f3rico edificio que hasta ese a\u00f1o alberg\u00f3 a la Procurador\u00eda General de Justicia. Ese mismo a\u00f1o el Archivo General de la Naci\u00f3n lo reconoci\u00f3 con la Menci\u00f3n al M\u00e9rito Archiv\u00edstico.<\/span><\/p>\n<p>[\/et_pb_text][et_pb_text _builder_version=&#8221;4.22.1&#8243; _module_preset=&#8221;default&#8221; text_text_color=&#8221;#000000&#8243; text_font_size=&#8221;17px&#8221; global_colors_info=&#8221;{}&#8221;]<\/p>\n<p style=\"text-align: justify;\"><span>El Archivo General del Estado de Campeche es el sucesor del Archivo P\u00fablico del Estado creado el 5 de abril de 1941 durante el gobierno del Dr. H\u00e9ctor P\u00e9rez Mart\u00ednez (1939-1943); realiz\u00f3 sus funciones en un sal\u00f3n del antiguo Palacio de Gobierno ubicado frente a la Plaza de la Independencia hasta 1963, cuando fue demolido el edificio y los acervos que lo constitu\u00edan pasaron al s\u00f3tano del actual Palacio de Gobierno.<\/span><\/p>\n<p>[\/et_pb_text][et_pb_text _builder_version=&#8221;4.22.1&#8243; _module_preset=&#8221;default&#8221; text_text_color=&#8221;#000000&#8243; text_font_size=&#8221;17px&#8221; global_colors_info=&#8221;{}&#8221;]<\/p>\n<p style=\"text-align: justify;\"><span>Desde 1997 el Archivo General es un espacio cultural activo de la vida p\u00fablica estatal que resguarda y promueve la memoria colectiva de Campeche. El 25 de abril de 2005 el Archivo General de la Naci\u00f3n certific\u00f3 su inscripci\u00f3n en el Registro Nacional de Archivos con el c\u00f3digo MX04002AGEC. Su marco legal est\u00e1 sustentado por la Ley de Archivos del Estado de Campeche promulgada mediante decreto n\u00famero 39 de la LX Legislatura del Congreso del Estado y publicada el 6 de mayo del a\u00f1o 2010.<\/span><\/p>\n<p>[\/et_pb_text][\/et_pb_column][\/et_pb_row][\/et_pb_section]<\/p>\n","protected":false},"excerpt":{"rendered":"<p>HistoriaEl Archivo General del Estado de Campeche es el sucesor del Archivo P\u00fablico del Estado creado el 5 de abril de 1941 durante el gobierno del Dr. H\u00e9ctor P\u00e9rez Mart\u00ednez (1939-1943); realiz\u00f3 sus funciones en un sal\u00f3n del antiguo Palacio de Gobierno ubicado frente a la Plaza de la Independencia hasta 1963, cuando fue demolido [&hellip;]<\/p>\n","protected":false},"author":1,"featured_media":0,"parent":0,"menu_order":0,"comment_status":"closed","ping_status":"closed","template":"","meta":{"_acf_changed":false,"_et_pb_use_builder":"on","_et_pb_old_content":"","_et_gb_content_width":"","inline_featured_image":false,"footnotes":""},"class_list":["post-1540","page","type-page","status-publish","hentry"],"acf":[],"_links":{"self":[{"href":"https:\/\/agec.campeche.gob.mx\/index.php?rest_route=\/wp\/v2\/pages\/1540","targetHints":{"allow":["GET"]}}],"collection":[{"href":"https:\/\/agec.campeche.gob.mx\/index.php?rest_route=\/wp\/v2\/pages"}],"about":[{"href":"https:\/\/agec.campeche.gob.mx\/index.php?rest_route=\/wp\/v2\/types\/page"}],"author":[{"embeddable":true,"href":"https:\/\/agec.campeche.gob.mx\/index.php?rest_route=\/wp\/v2\/users\/1"}],"replies":[{"embeddable":true,"href":"https:\/\/agec.campeche.gob.mx\/index.php?rest_route=%2Fwp%2Fv2%2Fcomments&post=1540"}],"version-history":[{"count":5,"href":"https:\/\/agec.campeche.gob.mx\/index.php?rest_route=\/wp\/v2\/pages\/1540\/revisions"}],"predecessor-version":[{"id":2714,"href":"https:\/\/agec.campeche.gob.mx\/index.php?rest_route=\/wp\/v2\/pages\/1540\/revisions\/2714"}],"wp:attachment":[{"href":"https:\/\/agec.campeche.gob.mx\/index.php?rest_route=%2Fwp%2Fv2%2Fmedia&parent=1540"}],"curies":[{"name":"wp","href":"https:\/\/api.w.org\/{rel}","templated":true}]}}