{"id":1746,"date":"2023-12-04T12:31:28","date_gmt":"2023-12-04T18:31:28","guid":{"rendered":"https:\/\/agec.campeche.gob.mx\/?page_id=1746"},"modified":"2025-08-08T12:04:43","modified_gmt":"2025-08-08T18:04:43","slug":"fraccion-1","status":"publish","type":"page","link":"https:\/\/agec.campeche.gob.mx\/?page_id=1746","title":{"rendered":"Fraccion 1"},"content":{"rendered":"<p>[et_pb_section fb_built=&#8221;1&#8243; _builder_version=&#8221;4.22.1&#8243; _module_preset=&#8221;default&#8221; custom_padding=&#8221;||2px|||&#8221; global_colors_info=&#8221;{}&#8221;][et_pb_row _builder_version=&#8221;4.22.1&#8243; _module_preset=&#8221;default&#8221; global_colors_info=&#8221;{}&#8221;][et_pb_column type=&#8221;4_4&#8243; _builder_version=&#8221;4.22.1&#8243; _module_preset=&#8221;default&#8221; global_colors_info=&#8221;{}&#8221;][et_pb_text _builder_version=&#8221;4.22.1&#8243; _module_preset=&#8221;default&#8221; global_colors_info=&#8221;{}&#8221;]<\/p>\n<h1><span>I. Marco Normativo del Sujeto Obligado<\/span><\/h1>\n<p>[\/et_pb_text][et_pb_text _builder_version=&#8221;4.22.1&#8243; _module_preset=&#8221;default&#8221; text_text_color=&#8221;#000000&#8243; global_colors_info=&#8221;{}&#8221;]<\/p>\n<p><span>Los sujetos obligados deber\u00e1n publicar un listado con la normatividad que emplean para el ejercicio de sus funciones. Cada norma deber\u00e1 estar categorizada y contener un hiperv\u00ednculo al documento correspondiente.<\/span><\/p>\n<p>[\/et_pb_text][\/et_pb_column][\/et_pb_row][\/et_pb_section][et_pb_section fb_built=&#8221;1&#8243; _builder_version=&#8221;4.22.1&#8243; _module_preset=&#8221;default&#8221; custom_padding=&#8221;0px||2px|||&#8221; global_colors_info=&#8221;{}&#8221;][et_pb_row _builder_version=&#8221;4.22.1&#8243; _module_preset=&#8221;default&#8221; custom_padding=&#8221;0px|||||&#8221; global_colors_info=&#8221;{}&#8221;][et_pb_column type=&#8221;4_4&#8243; _builder_version=&#8221;4.22.1&#8243; _module_preset=&#8221;default&#8221; global_colors_info=&#8221;{}&#8221;][et_pb_tabs _builder_version=&#8221;4.22.1&#8243; _module_preset=&#8221;default&#8221; global_colors_info=&#8221;{}&#8221;][et_pb_tab title=&#8221;2021&#8243; _builder_version=&#8221;4.22.1&#8243; _module_preset=&#8221;default&#8221; global_colors_info=&#8221;{}&#8221;]<\/p>\n<p><span class=\"fa fa-refresh\"><span>\u00a0<\/span>Per\u00edodo de Actualizaci\u00f3n:\u00a0<span><strong>Trimestral<\/strong><\/span><\/span><br \/><span class=\"fa fa-calendar\"><span>\u00a0<\/span>Fecha de Actualizaci\u00f3n:<span><strong>07\/01\/2022<\/strong><\/span><\/span><br \/><span class=\"fa fa-calendar\"><span>\u00a0<\/span>Fecha de Validaci\u00f3n:<strong>\u00a0<span>07\/01\/2022<\/span><\/strong><\/span><br \/><span class=\"fa fa-pencil-square-o\"><span>\u00a0<\/span>Unidad(es) Administrativa(s) que genera(n) o posee(n) la Informaci\u00f3n:\u00a0<\/span><span><strong>Direcci\u00f3n de Asuntos Jur\u00eddicos de la Secretar\u00eda General de Gobierno<\/strong><\/span><span><\/span><\/p>\n<hr \/>\n<p><a href=\"https:\/\/docs.google.com\/uc?export=download&amp;id=11zbKqiR-Jhf6EsffBCuX_XYAnYmWkccA\" target=\"_blank\" rel=\"noopener noreferrer\"><button type=\"button\" class=\"btn btn-large btn-success\"><em class=\"fa fa-file-excel-o\"><span>\u00a0<\/span>Descargar Excel<\/em><\/button><span>\u00a0<\/span><\/a><a href=\"https:\/\/docs.google.com\/spreadsheets\/d\/11zbKqiR-Jhf6EsffBCuX_XYAnYmWkccA\/edit?usp=sharing&amp;ouid=101544492830281334431&amp;rtpof=true&amp;sd=true\" target=\"_blank\" rel=\"noopener noreferrer\"><button type=\"button\" class=\"btn btn-large btn-danger\"><em class=\"fa fa-eye\"><span>\u00a0<\/span>Ver Online<\/em><\/button><span>\u00a0<\/span><\/a><span><span class=\"fa fa-hand-o-left\"><\/span>\u00a0Descargue y\/o visualice aqu\u00ed<\/span><\/p>\n<p>[\/et_pb_tab][et_pb_tab title=&#8221;2020&#8243; _builder_version=&#8221;4.22.1&#8243; _module_preset=&#8221;default&#8221; global_colors_info=&#8221;{}&#8221;]<\/p>\n<p><span class=\"fa fa-refresh\"><span>\u00a0<\/span>Per\u00edodo de Actualizaci\u00f3n:\u00a0<span><strong>Trimestral<\/strong><\/span><\/span><br \/><span class=\"fa fa-calendar\"><span>\u00a0<\/span>Fecha de Actualizaci\u00f3n:<span><strong>11\/01\/2021<\/strong><\/span><\/span><br \/><span class=\"fa fa-calendar\"><span>\u00a0<\/span>Fecha de Validaci\u00f3n:<strong>\u00a0<span>11\/01\/2021<\/span><\/strong><\/span><br \/><span class=\"fa fa-pencil-square-o\"><span>\u00a0<\/span>Unidad(es) Administrativa(s) que genera(n) o posee(n) la Informaci\u00f3n:\u00a0<\/span><span><strong>Direcci\u00f3n de Asuntos Jur\u00eddicos de la Secretar\u00eda General de Gobierno<\/strong><\/span><span><\/span><\/p>\n<hr \/>\n<p>\u00a0<a href=\"https:\/\/docs.google.com\/uc?export=download&amp;id=1w88V9xUzrFGD4mWAeJ8a1JUwBkd5hUni\" target=\"_blank\" rel=\"noopener noreferrer\"><button type=\"button\" class=\"btn btn-large btn-success\"><em class=\"fa fa-file-excel-o\"><span>\u00a0<\/span>Descargar Excel<\/em><\/button><span>\u00a0<\/span><\/a><a href=\"https:\/\/drive.google.com\/file\/d\/1w88V9xUzrFGD4mWAeJ8a1JUwBkd5hUni\/view?usp=sharing\" target=\"_blank\" rel=\"noopener noreferrer\"><button type=\"button\" class=\"btn btn-large btn-danger\"><em class=\"fa fa-eye\"><span>\u00a0<\/span>Ver Online<\/em><\/button><span>\u00a0<\/span><\/a><span><span class=\"fa fa-hand-o-left\"><\/span>\u00a0Descargue y\/o visualice aqu\u00ed<\/span><\/p>\n<p>[\/et_pb_tab][et_pb_tab title=&#8221;2019&#8243; _builder_version=&#8221;4.22.1&#8243; _module_preset=&#8221;default&#8221; global_colors_info=&#8221;{}&#8221;]<\/p>\n<p><span class=\"fa fa-refresh\"><span>\u00a0<\/span>Per\u00edodo de Actualizaci\u00f3n:\u00a0<span><strong>Trimestral<\/strong><\/span><\/span><br \/><span class=\"fa fa-calendar\"><span>\u00a0<\/span>Fecha de Actualizaci\u00f3n:<span>\u00a0<\/span><span><strong>10\/01\/2020<\/strong><\/span><\/span><br \/><span class=\"fa fa-calendar\"><span>\u00a0<\/span>Fecha de Validaci\u00f3n:<strong>\u00a0<span>10\/01\/2020<\/span><\/strong><\/span><br \/><span class=\"fa fa-pencil-square-o\"><span>\u00a0<\/span>Unidad(es) Administrativa(s) que genera(n) o posee(n) la Informaci\u00f3n:\u00a0<\/span><span><strong>Direcci\u00f3n de Asuntos Jur\u00eddicos de la Secretar\u00eda General de Gobierno<\/strong><\/span><span><\/span><\/p>\n<hr \/>\n<p>\u00a0<a href=\"https:\/\/drive.google.com\/uc?export=download&amp;id=1rRh3DiOFDrMiz8Zv5v4N3Nz-VyU2LaP2\" target=\"_blank\" rel=\"noopener noreferrer\"><button type=\"button\" class=\"btn btn-large btn-success\"><em class=\"fa fa-file-excel-o\"><span>\u00a0<\/span>Descargar Excel<\/em><\/button><span>\u00a0<\/span><\/a><a href=\"https:\/\/drive.google.com\/open?id=1rRh3DiOFDrMiz8Zv5v4N3Nz-VyU2LaP2\" target=\"_blank\" rel=\"noopener noreferrer\"><button type=\"button\" class=\"btn btn-large btn-danger\"><em class=\"fa fa-eye\"><span>\u00a0<\/span>Ver Online<\/em><\/button><span>\u00a0<\/span><\/a><span><span class=\"fa fa-hand-o-left\"><\/span>\u00a0Descargue y\/o visualice aqu\u00ed<\/span><\/p>\n<p>[\/et_pb_tab][et_pb_tab title=&#8221;2018&#8243; _builder_version=&#8221;4.22.1&#8243; _module_preset=&#8221;default&#8221; global_colors_info=&#8221;{}&#8221;]<\/p>\n<p><span class=\"fa fa-refresh\"><span>\u00a0<\/span>Per\u00edodo de Actualizaci\u00f3n:\u00a0<span><strong>Trimestral<\/strong><\/span><\/span><br \/><span class=\"fa fa-calendar\"><span>\u00a0<\/span>Fecha de Actualizaci\u00f3n:<span>\u00a0<\/span><span><strong>08\/01\/2019<\/strong><\/span><\/span><br \/><span class=\"fa fa-calendar\"><span>\u00a0<\/span>Fecha de Validaci\u00f3n:<strong>\u00a0<span>08\/01\/2019<\/span><\/strong><\/span><br \/><span class=\"fa fa-pencil-square-o\"><span>\u00a0<\/span>Unidad(es) Administrativa(s) que genera(n) o posee(n) la Informaci\u00f3n:\u00a0<\/span><span><strong>Direcci\u00f3n de Asuntos Jur\u00eddicos de la Secretar\u00eda General de Gobierno<\/strong><\/span><span><\/span><\/p>\n<hr \/>\n<p>\u00a0<a href=\"https:\/\/drive.google.com\/uc?export=download&amp;id=1tOX-rXykO2HuM6sOBUBZUhLepw18OQzy\" target=\"_blank\" rel=\"noopener noreferrer\"><button type=\"button\" class=\"btn btn-large btn-success\"><em class=\"fa fa-file-excel-o\"><span>\u00a0<\/span>Descargar Excel<\/em><\/button><span>\u00a0<\/span><\/a><a href=\"https:\/\/drive.google.com\/open?id=1tOX-rXykO2HuM6sOBUBZUhLepw18OQzy\" target=\"_blank\" rel=\"noopener noreferrer\"><button type=\"button\" class=\"btn btn-large btn-danger\"><em class=\"fa fa-eye\"><span>\u00a0<\/span>Ver Online<\/em><\/button><span>\u00a0<\/span><\/a><span><span class=\"fa fa-hand-o-left\"><\/span>\u00a0Descargue y\/o visualice aqu\u00ed<\/span><\/p>\n<p>[\/et_pb_tab][et_pb_tab title=&#8221;2017&#8243; _builder_version=&#8221;4.22.1&#8243; _module_preset=&#8221;default&#8221; global_colors_info=&#8221;{}&#8221;]<\/p>\n<p><span class=\"fa fa-refresh\"><span>\u00a0<\/span>Per\u00edodo de Actualizaci\u00f3n:\u00a0<span><strong>Trimestral<\/strong><\/span><\/span><br \/><span class=\"fa fa-calendar\"><span>\u00a0<\/span>Fecha de Actualizaci\u00f3n:<span>\u00a0<\/span><span><strong>12\/01\/2018<\/strong><\/span><\/span><br \/><span class=\"fa fa-calendar\"><span>\u00a0<\/span>Fecha de Validaci\u00f3n:<strong>\u00a0<span>12\/01\/2018<\/span><\/strong><\/span><br \/><span class=\"fa fa-pencil-square-o\"><span>\u00a0<\/span>Unidad(es) Administrativa(s) que genera(n) o posee(n) la Informaci\u00f3n:\u00a0<\/span><span><strong>Direcci\u00f3n de Asuntos Jur\u00eddicos de la Secretar\u00eda General de Gobierno<\/strong><\/span><span><\/span><\/p>\n<hr \/>\n<p>\u00a0<a href=\"https:\/\/drive.google.com\/uc?export=download&amp;id=183kGS_ovSGzwypAbwqSxqqV_Wr5mYJ-i\" target=\"_blank\" rel=\"noopener noreferrer\"><button type=\"button\" class=\"btn btn-large btn-success\"><em class=\"fa fa-file-excel-o\"><span>\u00a0<\/span>Descargar Excel<\/em><\/button><span>\u00a0<\/span><\/a><a href=\"https:\/\/drive.google.com\/open?id=183kGS_ovSGzwypAbwqSxqqV_Wr5mYJ-i\" target=\"_blank\" rel=\"noopener noreferrer\"><button type=\"button\" class=\"btn btn-large btn-danger\"><em class=\"fa fa-eye\"><span>\u00a0<\/span>Ver Online<\/em><\/button><span>\u00a0<\/span><\/a><span><span class=\"fa fa-hand-o-left\"><\/span>\u00a0Descargue y\/o visualice aqu\u00ed<\/span><\/p>\n<p>[\/et_pb_tab][\/et_pb_tabs][\/et_pb_column][\/et_pb_row][\/et_pb_section][et_pb_section fb_built=&#8221;1&#8243; _builder_version=&#8221;4.27.4&#8243; _module_preset=&#8221;default&#8221; custom_padding=&#8221;2px|||||&#8221; hover_enabled=&#8221;0&#8243; global_colors_info=&#8221;{}&#8221; sticky_enabled=&#8221;0&#8243;][et_pb_row _builder_version=&#8221;4.22.1&#8243; _module_preset=&#8221;default&#8221; global_colors_info=&#8221;{}&#8221;][et_pb_column type=&#8221;4_4&#8243; _builder_version=&#8221;4.22.1&#8243; _module_preset=&#8221;default&#8221; global_colors_info=&#8221;{}&#8221;][et_pb_text _builder_version=&#8221;4.27.4&#8243; _module_preset=&#8221;default&#8221; hover_enabled=&#8221;0&#8243; global_colors_info=&#8221;{}&#8221; sticky_enabled=&#8221;0&#8243;]<\/p>\n<table class=\"table table-hover\" style=\"width: 100%; border: 1px solid #cecaca;\" align=\"center\">\n<thead>\n<tr style=\"border-width: 1px; border-color: #691c32; background-color: #bca986;\">\n<td style=\"text-align: center; vertical-align: middle;\"><span style=\"color: #ffffff;\"><strong>Tipo de Normatividad<\/strong><\/span><\/td>\n<td style=\"text-align: center; vertical-align: middle;\"><span style=\"color: #ffffff;\"><strong>Denominaci\u00f3n de la Norma<\/strong><\/span><\/td>\n<td style=\"text-align: center;\"><strong><span style=\"color: #ffffff;\">Fecha de publicaci\u00f3n en DOF u otro medio<\/span><\/strong><\/td>\n<td style=\"text-align: center; vertical-align: middle;\">\u00a0<span style=\"color: #ffffff;\"><strong>Fecha de ultima modificaci\u00f3n<\/strong><\/span><\/td>\n<td style=\"text-align: center;\">\u00a0<strong><span style=\"color: #ffffff;\">Hipervinculo al documento de la norma<\/span><\/strong><\/td>\n<\/tr>\n<\/thead>\n<tbody>\n<tr style=\"border-color: #cecaca; border-width: 1px;\" align=\"center\">\n<td style=\"border: 1px solid #cecaca; text-align: center; vertical-align: middle;\"><span style=\"color: #000000; font-family: arial, helvetica, sans-serif;\"><strong>Constituci\u00f3n Pol\u00edtica de los Estados Unidos M<\/strong>.<\/span><\/td>\n<td style=\"border: 1px solid #cecaca; text-align: justify; vertical-align: middle;\"><span style=\"color: #333333; font-family: arial, helvetica, sans-serif;\">Constituci\u00f3n Pol\u00edtica de los Estados Unidos Mexicanos<\/span><\/td>\n<td style=\"border: 1px solid #cecaca; text-align: center; vertical-align: middle;\"><span style=\"color: #333333; font-family: arial, helvetica, sans-serif;\">05\/02\/1917<\/span><\/td>\n<td style=\"border: 1px solid #cecaca; text-align: center; vertical-align: middle;\"><span style=\"color: #333333; font-family: arial, helvetica, sans-serif;\">24\/02\/2017<\/span><\/td>\n<td style=\"border: 1px solid #cecaca; text-align: center; vertical-align: middle;\"><a href=\"https:\/\/drive.google.com\/file\/d\/0B3UuF9VqNML0eHRSRjQzODVldjg\/view?usp=sharing&amp;resourcekey=0-LEIoK9DfplfnjpZtKQ8gVA\" target=\"_blank\" rel=\"noopener noreferrer\"><img decoding=\"async\" src=\"https:\/\/agec.campeche.gob.mx\/wp-content\/uploads\/1485982193_Adobe_Acrobat_Reader-1.png\" alt=\"1485982193 Adobe Acrobat Reader\" \/><\/a><\/td>\n<\/tr>\n<tr style=\"border-color: #cecaca; border-width: 1px;\" align=\"center\">\n<td style=\"border: 1px solid #cecaca; text-align: center; vertical-align: middle;\"><span style=\"color: #000000; font-family: arial, helvetica, sans-serif;\"><strong>Tratados internacionales<br \/>\n<\/strong><\/span><\/td>\n<td style=\"border: 1px solid #cecaca; text-align: justify; vertical-align: middle;\"><span style=\"color: #333333; font-family: arial, helvetica, sans-serif;\">Pacto Internacional de Derechos Civiles y Pol\u00edticos<\/span><\/td>\n<td style=\"border: 1px solid #cecaca; text-align: center; vertical-align: middle;\"><span style=\"color: #333333; font-family: arial, helvetica, sans-serif;\">20\/05\/1981<\/span><\/td>\n<td style=\"border: 1px solid #cecaca; text-align: center; vertical-align: middle;\"><span style=\"font-family: arial, helvetica, sans-serif; color: #333333;\"><\/span><\/td>\n<td style=\"border: 1px solid #cecaca; text-align: center; vertical-align: middle;\"><a href=\"https:\/\/drive.google.com\/file\/d\/0B3UuF9VqNML0NjhxbHVpeHNCbms\/view?usp=sharing&amp;resourcekey=0-DwUtBhk2mmAZzElCppM6HA\" target=\"_blank\" rel=\"noopener noreferrer\"><img decoding=\"async\" src=\"https:\/\/agec.campeche.gob.mx\/wp-content\/uploads\/1485982193_Adobe_Acrobat_Reader-1.png\" alt=\"1485982193 Adobe Acrobat Reader\" \/><\/a><\/td>\n<\/tr>\n<tr style=\"border-color: #cecaca; border-width: 1px;\" align=\"center\">\n<td style=\"border: 1px solid #cecaca; text-align: center; vertical-align: middle;\"><span style=\"color: #000000; font-family: arial, helvetica, sans-serif;\"><strong>Tratados internacionales<br \/>\n<\/strong><\/span><\/td>\n<td style=\"border: 1px solid #cecaca; text-align: justify; vertical-align: middle;\"><span style=\"color: #333333; font-family: arial, helvetica, sans-serif;\">Pacto Internacional de Derechos Econ\u00f3micos, Sociales y Culturales<\/span><\/td>\n<td style=\"border: 1px solid #cecaca; text-align: center; vertical-align: middle;\"><span style=\"color: #333333; font-family: arial, helvetica, sans-serif;\">12\/05\/1981<\/span><\/td>\n<td style=\"border: 1px solid #cecaca; text-align: center; vertical-align: middle;\"><span style=\"font-family: arial, helvetica, sans-serif; color: #333333;\"><\/span><\/td>\n<td style=\"border: 1px solid #cecaca; text-align: center; vertical-align: middle;\"><a href=\"https:\/\/drive.google.com\/file\/d\/0B3UuF9VqNML0c3dnTXphRzluMGc\/view?usp=sharing&amp;resourcekey=0-a33qe2eubGlRQn-YtA3NDg\" target=\"_blank\" rel=\"noopener noreferrer\"><img decoding=\"async\" src=\"https:\/\/agec.campeche.gob.mx\/wp-content\/uploads\/1485982193_Adobe_Acrobat_Reader-1.png\" alt=\"1485982193 Adobe Acrobat Reader\" \/><\/a><\/td>\n<\/tr>\n<tr style=\"border-color: #cecaca; border-width: 1px;\" align=\"center\">\n<td style=\"border: 1px solid #cecaca; text-align: center; vertical-align: middle;\"><span style=\"color: #000000; font-family: arial, helvetica, sans-serif;\"><strong style=\"text-align: center;\">Tratados internacionales<br \/>\n<\/strong><\/span><\/td>\n<td style=\"border: 1px solid #cecaca; text-align: justify; vertical-align: middle;\"><span style=\"color: #333333; font-family: arial, helvetica, sans-serif;\">Convenci\u00f3n Americana sobre Derechos Humanos, Pacto de San Jos\u00e9 de Costa Rica<\/span><\/td>\n<td style=\"border: 1px solid #cecaca; text-align: center; vertical-align: middle;\"><span style=\"color: #333333; font-family: arial, helvetica, sans-serif;\">7\/05\/1981<\/span><\/td>\n<td style=\"border: 1px solid #cecaca; text-align: center; vertical-align: middle;\"><span style=\"font-family: arial, helvetica, sans-serif; color: #333333;\"><\/span><\/td>\n<td style=\"border: 1px solid #cecaca; text-align: center; vertical-align: middle;\"><a href=\"https:\/\/drive.google.com\/file\/d\/0B3UuF9VqNML0aF8zTzdMdkxGV2s\/view?usp=sharing&amp;resourcekey=0-CHU0Bl6EyXpK51kawG6QSg\" target=\"_blank\" rel=\"noopener noreferrer\"><img decoding=\"async\" src=\"https:\/\/agec.campeche.gob.mx\/wp-content\/uploads\/1485982193_Adobe_Acrobat_Reader-1.png\" alt=\"1485982193 Adobe Acrobat Reader\" \/><\/a><\/td>\n<\/tr>\n<tr style=\"border-color: #cecaca; border-width: 1px;\" align=\"center\">\n<td style=\"border: 1px solid #cecaca; text-align: center; vertical-align: middle;\"><span style=\"color: #000000; font-family: arial, helvetica, sans-serif;\"><strong style=\"text-align: center;\">Tratados internacionales<br \/>\n<\/strong><\/span><\/td>\n<td style=\"border: 1px solid #cecaca; text-align: justify; vertical-align: middle;\"><span style=\"color: #333333; font-family: arial, helvetica, sans-serif;\">Convenci\u00f3n sobre los Derechos del Ni\u00f1o<\/span><\/td>\n<td style=\"border: 1px solid #cecaca; text-align: center; vertical-align: middle;\"><span style=\"color: #333333; font-family: arial, helvetica, sans-serif;\">25\/01\/1991<\/span><\/td>\n<td style=\"border: 1px solid #cecaca; text-align: center; vertical-align: middle;\"><span style=\"font-family: arial, helvetica, sans-serif; color: #333333;\"><\/span><\/td>\n<td style=\"border: 1px solid #cecaca; text-align: center; vertical-align: middle;\"><a href=\"https:\/\/drive.google.com\/file\/d\/0B3UuF9VqNML0ZkdBZUF3bHh2RWs\/view?usp=sharing&amp;resourcekey=0-ob7EGupqJ7Dwsl5QKqfGwg\" target=\"_blank\" rel=\"noopener noreferrer\"><img decoding=\"async\" src=\"https:\/\/agec.campeche.gob.mx\/wp-content\/uploads\/1485982193_Adobe_Acrobat_Reader-1.png\" alt=\"1485982193 Adobe Acrobat Reader\" \/><\/a><\/td>\n<\/tr>\n<tr style=\"border-color: #cecaca; border-width: 1px;\" align=\"center\">\n<td style=\"border: 1px solid #cecaca; text-align: center; vertical-align: middle;\"><span style=\"color: #000000; font-family: arial, helvetica, sans-serif;\"><strong style=\"text-align: center;\">Tratados internacionales<br \/>\n<\/strong><\/span><\/td>\n<td style=\"border: 1px solid #cecaca; text-align: justify; vertical-align: middle;\"><span style=\"color: #333333; font-family: arial, helvetica, sans-serif;\">Protocolo Facultativo de la Convenci\u00f3n sobre los Derechos del Ni\u00f1o relativo a la participaci\u00f3n de Ni\u00f1os en los conflictos armados<\/span><\/td>\n<td style=\"border: 1px solid #cecaca; text-align: center; vertical-align: middle;\"><span style=\"color: #333333; font-family: arial, helvetica, sans-serif;\">03\/05\/2002<\/span><\/td>\n<td style=\"border: 1px solid #cecaca; text-align: center; vertical-align: middle;\"><span style=\"font-family: arial, helvetica, sans-serif; color: #333333;\"><\/span><\/td>\n<td style=\"border: 1px solid #cecaca; text-align: center; vertical-align: middle;\"><a href=\"https:\/\/drive.google.com\/file\/d\/0B3UuF9VqNML0Q2lBQ1JqbFZvTms\/view?usp=sharing&amp;resourcekey=0-eUd4MI12FJlpG-CvBtFE6A\" target=\"_blank\" rel=\"noopener noreferrer\"><img decoding=\"async\" src=\"https:\/\/agec.campeche.gob.mx\/wp-content\/uploads\/1485982193_Adobe_Acrobat_Reader-1.png\" alt=\"1485982193 Adobe Acrobat Reader\" \/><\/a><\/td>\n<\/tr>\n<tr style=\"border-color: #cecaca; border-width: 1px;\" align=\"center\">\n<td style=\"border: 1px solid #cecaca; text-align: center; vertical-align: middle;\"><span style=\"color: #000000; font-family: arial, helvetica, sans-serif;\"><strong style=\"text-align: center;\">Tratados internacionales<br \/>\n<\/strong><\/span><\/td>\n<td style=\"border: 1px solid #cecaca; text-align: justify; vertical-align: middle;\"><span style=\"color: #333333; font-family: arial, helvetica, sans-serif;\">Protocolo Facultativo de la Convenci\u00f3n sobre los Derechos del Ni\u00f1o relativo a la venta de Ni\u00f1os, la prostituci\u00f3n infantil y la utilizaci\u00f3n de los Ni\u00f1os en la Pornograf\u00eda<\/span><\/td>\n<td style=\"border: 1px solid #cecaca; text-align: center; vertical-align: middle;\"><span style=\"color: #333333; font-family: arial, helvetica, sans-serif;\">22\/04\/2002<\/span><\/td>\n<td style=\"border: 1px solid #cecaca; text-align: center; vertical-align: middle;\"><span style=\"color: #333333; font-family: arial, helvetica, sans-serif;\"><\/span><\/td>\n<td style=\"border: 1px solid #cecaca; text-align: center; vertical-align: middle;\"><a href=\"https:\/\/drive.google.com\/file\/d\/0B3UuF9VqNML0ZnhNRHBVWjZLWTg\/view?usp=sharing&amp;resourcekey=0-xEzc-W0YhPfDqAJIfpZFng\" target=\"_blank\" rel=\"noopener noreferrer\"><img decoding=\"async\" src=\"https:\/\/agec.campeche.gob.mx\/wp-content\/uploads\/1485982193_Adobe_Acrobat_Reader-1.png\" alt=\"1485982193 Adobe Acrobat Reader\" \/><\/a><\/td>\n<\/tr>\n<tr style=\"border-color: #cecaca; border-width: 1px;\" align=\"center\">\n<td style=\"border: 1px solid #cecaca; text-align: center; vertical-align: middle;\"><span style=\"color: #000000; font-family: arial, helvetica, sans-serif;\"><strong style=\"text-align: center;\">Tratados internacionales<br \/>\n<\/strong><\/span><\/td>\n<td style=\"border: 1px solid #cecaca; text-align: justify; vertical-align: middle;\"><span style=\"color: #333333; font-family: arial, helvetica, sans-serif;\">Consenso de Montevideo sobre Poblaci\u00f3n y Desarrollo<\/span><\/td>\n<td style=\"border: 1px solid #cecaca; text-align: center; vertical-align: middle;\"><span style=\"color: #333333; font-family: arial, helvetica, sans-serif;\"><\/span><\/td>\n<td style=\"border: 1px solid #cecaca; text-align: center; vertical-align: middle;\"><span style=\"color: #333333; font-family: arial, helvetica, sans-serif;\"><\/span><\/td>\n<td style=\"border: 1px solid #cecaca; text-align: center; vertical-align: middle;\"><a href=\"https:\/\/drive.google.com\/file\/d\/0B3UuF9VqNML0V3IybE1xeExobWs\/view?usp=sharing&amp;resourcekey=0-9GWfjlhjLwk4EapVOQ0njw\" target=\"_blank\" rel=\"noopener noreferrer\"><img decoding=\"async\" src=\"https:\/\/agec.campeche.gob.mx\/wp-content\/uploads\/1485982193_Adobe_Acrobat_Reader-1.png\" alt=\"1485982193 Adobe Acrobat Reader\" \/><\/a><\/td>\n<\/tr>\n<tr style=\"border-color: #cecaca; border-width: 1px;\" align=\"center\">\n<td style=\"border: 1px solid #cecaca; text-align: center; vertical-align: middle;\"><span style=\"color: #000000; font-family: arial, helvetica, sans-serif;\"><strong style=\"text-align: center;\">Tratados internacionales<br \/>\n<\/strong><\/span><\/td>\n<td style=\"border: 1px solid #cecaca; text-align: justify; vertical-align: middle;\"><span style=\"color: #333333; font-family: arial, helvetica, sans-serif;\">Marco de Cooperaci\u00f3n de las Naciones Unidas para el Desarrollo en M\u00e9xico 2014-2019<\/span><\/td>\n<td style=\"border: 1px solid #cecaca; text-align: center; vertical-align: middle;\"><span style=\"color: #333333; font-family: arial, helvetica, sans-serif;\"><\/span><\/td>\n<td style=\"border: 1px solid #cecaca; text-align: center; vertical-align: middle;\"><span style=\"color: #333333; font-family: arial, helvetica, sans-serif;\"><\/span><\/td>\n<td style=\"border: 1px solid #cecaca; text-align: center; vertical-align: middle;\"><a href=\"https:\/\/drive.google.com\/file\/d\/0B3UuF9VqNML0ZWRwOW1SSzhHTjA\/view?usp=sharing&amp;resourcekey=0-Siz9eUuBMi4J7SixjoaEyw\" target=\"_blank\" rel=\"noopener noreferrer\"><img decoding=\"async\" src=\"https:\/\/agec.campeche.gob.mx\/wp-content\/uploads\/1485982193_Adobe_Acrobat_Reader-1.png\" alt=\"1485982193 Adobe Acrobat Reader\" \/><\/a><\/td>\n<\/tr>\n<tr style=\"border-color: #cecaca; border-width: 1px;\" align=\"center\">\n<td style=\"border: 1px solid #cecaca; text-align: center; vertical-align: middle;\"><span style=\"color: #000000; font-family: arial, helvetica, sans-serif;\"><strong style=\"text-align: center;\">Tratados internacionales<\/strong><strong style=\"text-align: center;\">\u00a0<\/strong><br \/>\n<\/span><\/td>\n<td style=\"border: 1px solid #cecaca; text-align: justify; vertical-align: middle;\"><span style=\"color: #333333; font-family: arial, helvetica, sans-serif;\">Gu\u00eda operacional para la implementaci\u00f3n y el seguimiento del Consenso de Montevideo sobre Poblaci\u00f3n y Desarrollo<\/span><\/td>\n<td style=\"border: 1px solid #cecaca; text-align: center; vertical-align: middle;\"><span style=\"color: #333333; font-family: arial, helvetica, sans-serif;\"><\/span><\/td>\n<td style=\"border: 1px solid #cecaca; text-align: center; vertical-align: middle;\"><span style=\"color: #333333; font-family: arial, helvetica, sans-serif;\"><\/span><\/td>\n<td style=\"border: 1px solid #cecaca; text-align: center; vertical-align: middle;\"><a href=\"https:\/\/drive.google.com\/file\/d\/0B3UuF9VqNML0UHp5VS1CUi1MaUk\/view?usp=sharing&amp;resourcekey=0-mFvyS5EcfEXJt-7xk48mpQ\" target=\"_blank\" rel=\"noopener noreferrer\"><img decoding=\"async\" src=\"https:\/\/agec.campeche.gob.mx\/wp-content\/uploads\/1485982193_Adobe_Acrobat_Reader-1.png\" alt=\"1485982193 Adobe Acrobat Reader\" \/><\/a><\/td>\n<\/tr>\n<tr style=\"border-color: #cecaca; border-width: 1px;\" align=\"center\">\n<td style=\"border: 1px solid #cecaca; text-align: center; vertical-align: middle;\"><span style=\"color: #000000; font-family: arial, helvetica, sans-serif;\"><strong style=\"text-align: center;\">Tratados internacionales<br \/>\n<\/strong><\/span><\/td>\n<td style=\"border: 1px solid #cecaca; text-align: justify; vertical-align: middle;\"><span style=\"color: #333333; font-family: arial, helvetica, sans-serif;\">Plan de Acci\u00f3n del Programa de Pa\u00eds entre el Gobierno de los Estados Unidos Mexicanos y el Fondo de Poblaci\u00f3n de las Naciones Unidas<\/span><\/td>\n<td style=\"border: 1px solid #cecaca; text-align: center; vertical-align: middle;\"><span style=\"color: #333333; font-family: arial, helvetica, sans-serif;\"><\/span><\/td>\n<td style=\"border: 1px solid #cecaca; text-align: center; vertical-align: middle;\"><span style=\"color: #333333; font-family: arial, helvetica, sans-serif;\"><\/span><\/td>\n<td style=\"border: 1px solid #cecaca; text-align: center; vertical-align: middle;\"><a href=\"https:\/\/drive.google.com\/file\/d\/0B3UuF9VqNML0VmpwZDlZc2I4TGs\/view?usp=sharing&amp;resourcekey=0-ZjsEfhyjqvcljIacWafE4Q\" target=\"_blank\" rel=\"noopener noreferrer\"><img decoding=\"async\" src=\"https:\/\/agec.campeche.gob.mx\/wp-content\/uploads\/1485982193_Adobe_Acrobat_Reader-1.png\" alt=\"1485982193 Adobe Acrobat Reader\" \/><\/a><\/td>\n<\/tr>\n<tr style=\"border-color: #cecaca; border-width: 1px;\" align=\"center\">\n<td style=\"border: 1px solid #cecaca; text-align: center; vertical-align: middle;\"><span style=\"color: #000000; font-family: arial, helvetica, sans-serif;\"><strong style=\"text-align: center;\">Tratados internacionales<br \/>\n<\/strong><\/span><\/td>\n<td style=\"border: 1px solid #cecaca; text-align: justify; vertical-align: middle;\"><span style=\"color: #333333; font-family: arial, helvetica, sans-serif;\">Informe de la Conferencia Internacional sobre la Poblaci\u00f3n y el Desarrollo, El Cairo, 5-13\/09\/1994<\/span><\/td>\n<td style=\"border: 1px solid #cecaca; text-align: center; vertical-align: middle;\"><span style=\"color: #333333; font-family: arial, helvetica, sans-serif;\"><\/span><\/td>\n<td style=\"border: 1px solid #cecaca; text-align: center; vertical-align: middle;\"><span style=\"color: #333333; font-family: arial, helvetica, sans-serif;\"><\/span><\/td>\n<td style=\"border: 1px solid #cecaca; text-align: center; vertical-align: middle;\"><a href=\"https:\/\/drive.google.com\/file\/d\/0B3UuF9VqNML0UnNlcVYyS2R0LTg\/view?usp=sharing&amp;resourcekey=0-UI_w1GCLsbwwy9FJD8ABdQ\" target=\"_blank\" rel=\"noopener noreferrer\"><img decoding=\"async\" src=\"https:\/\/agec.campeche.gob.mx\/wp-content\/uploads\/1485982193_Adobe_Acrobat_Reader-1.png\" alt=\"1485982193 Adobe Acrobat Reader\" \/><\/a><\/td>\n<\/tr>\n<tr style=\"border-color: #cecaca; border-width: 1px;\" align=\"center\">\n<td style=\"border: 1px solid #cecaca; text-align: center; vertical-align: middle;\"><span style=\"color: #000000; font-family: arial, helvetica, sans-serif;\"><strong style=\"text-align: center;\">Constituci\u00f3n Pol\u00edtica de la entidad o Estatuto<br \/>\n<\/strong><\/span><\/td>\n<td style=\"border: 1px solid #cecaca; text-align: justify; vertical-align: middle;\"><span style=\"color: #333333; font-family: arial, helvetica, sans-serif;\">Constituci\u00f3n Pol\u00edtica del Estado de Campeche<\/span><\/td>\n<td style=\"border: 1px solid #cecaca; text-align: center; vertical-align: middle;\"><span style=\"color: #333333; font-family: arial, helvetica, sans-serif;\">10\/07\/1917<\/span><\/td>\n<td style=\"border: 1px solid #cecaca; text-align: center; vertical-align: middle;\"><span style=\"color: #333333; font-family: arial, helvetica, sans-serif;\">11\/09\/2017<\/span><\/td>\n<td style=\"border: 1px solid #cecaca; text-align: center; vertical-align: middle;\"><a href=\"https:\/\/drive.google.com\/file\/d\/1nV1pvm-0UQcOVHlXKJvS7WKIgqYQhgWy\/view?usp=sharing\" target=\"_blank\" rel=\"noopener noreferrer\"><img decoding=\"async\" src=\"https:\/\/agec.campeche.gob.mx\/wp-content\/uploads\/1485982193_Adobe_Acrobat_Reader-1.png\" alt=\"1485982193 Adobe Acrobat Reader\" \/><\/a><\/td>\n<\/tr>\n<tr style=\"border-color: #cecaca; border-width: 1px;\" align=\"center\">\n<td style=\"border: 1px solid #cecaca; text-align: center; vertical-align: middle;\"><span style=\"color: #000000; font-family: arial, helvetica, sans-serif;\"><strong style=\"text-align: center;\">Ley General<\/strong><\/span><\/td>\n<td style=\"border: 1px solid #cecaca; text-align: justify; vertical-align: middle;\"><span style=\"color: #333333; font-family: arial, helvetica, sans-serif;\">Ley General de Sociedades Mercantiles\u00a0<\/span><\/td>\n<td style=\"border: 1px solid #cecaca; text-align: center; vertical-align: middle;\"><span style=\"color: #333333; font-family: arial, helvetica, sans-serif;\">04\/08\/1934<\/span><\/td>\n<td style=\"border: 1px solid #cecaca; text-align: center; vertical-align: middle;\"><span style=\"color: #333333; font-family: arial, helvetica, sans-serif;\">14\/03\/2016<\/span><\/td>\n<td style=\"border: 1px solid #cecaca; text-align: center; vertical-align: middle;\"><a href=\"https:\/\/drive.google.com\/open?id=1LFzvDttTXtPkq3kJMKCO9-x2VvebSc-l\" target=\"_blank\" rel=\"noopener noreferrer\"><img decoding=\"async\" src=\"https:\/\/agec.campeche.gob.mx\/wp-content\/uploads\/1485982193_Adobe_Acrobat_Reader-1.png\" alt=\"1485982193 Adobe Acrobat Reader\" \/><\/a><\/td>\n<\/tr>\n<tr style=\"border-color: #cecaca; border-width: 1px;\" align=\"center\">\n<td style=\"border: 1px solid #cecaca; text-align: center; vertical-align: middle;\"><span style=\"color: #000000; font-family: arial, helvetica, sans-serif;\"><strong style=\"text-align: center;\">Ley General<\/strong><\/span><\/td>\n<td style=\"border: 1px solid #cecaca; text-align: justify; vertical-align: middle;\"><span style=\"color: #333333; font-family: arial, helvetica, sans-serif;\">Ley General de T\u00edtulos y Operaciones de Cr\u00e9dito<\/span><\/td>\n<td style=\"border: 1px solid #cecaca; text-align: center; vertical-align: middle;\"><span style=\"color: #333333; font-family: arial, helvetica, sans-serif;\">27\/08\/1932<\/span><\/td>\n<td style=\"border: 1px solid #cecaca; text-align: center; vertical-align: middle;\"><span style=\"color: #333333; font-family: arial, helvetica, sans-serif;\">13\/06\/2014<\/span><\/td>\n<td style=\"border: 1px solid #cecaca; text-align: center; vertical-align: middle;\"><a href=\"https:\/\/drive.google.com\/file\/d\/0B3UuF9VqNML0SGJzUGdHZWk2MjQ\/view?usp=sharing&amp;resourcekey=0-Kob5Z33xruJb8ky8D3O8mQ\" target=\"_blank\" rel=\"noopener noreferrer\"><img decoding=\"async\" src=\"https:\/\/agec.campeche.gob.mx\/wp-content\/uploads\/1485982193_Adobe_Acrobat_Reader-1.png\" alt=\"1485982193 Adobe Acrobat Reader\" \/><\/a><\/td>\n<\/tr>\n<tr style=\"border-color: #cecaca; border-width: 1px;\" align=\"center\">\n<td style=\"border: 1px solid #cecaca; text-align: center; vertical-align: middle;\"><span style=\"color: #000000; font-family: arial, helvetica, sans-serif;\"><strong style=\"text-align: center;\">Ley General<\/strong><\/span><\/td>\n<td style=\"border: 1px solid #cecaca; text-align: justify; vertical-align: middle;\"><span style=\"color: #333333; font-family: arial, helvetica, sans-serif;\">Ley General de Poblaci\u00f3n\u00a0<\/span><\/td>\n<td style=\"border: 1px solid #cecaca; text-align: center; vertical-align: middle;\"><span style=\"color: #333333; font-family: arial, helvetica, sans-serif;\">07\/01\/1974<\/span><\/td>\n<td style=\"border: 1px solid #cecaca; text-align: center; vertical-align: middle;\"><span style=\"color: #333333; font-family: arial, helvetica, sans-serif;\">01\/12\/2015<\/span><\/td>\n<td style=\"border: 1px solid #cecaca; text-align: center; vertical-align: middle;\"><a href=\"https:\/\/drive.google.com\/file\/d\/0B3UuF9VqNML0VmpCYUZNNk9XUGc\/view?usp=sharing&amp;resourcekey=0-p-4r5JLsbo1oNYJNs9Rl7w\" target=\"_blank\" rel=\"noopener noreferrer\"><img decoding=\"async\" src=\"https:\/\/agec.campeche.gob.mx\/wp-content\/uploads\/1485982193_Adobe_Acrobat_Reader-1.png\" alt=\"1485982193 Adobe Acrobat Reader\" \/><\/a><\/td>\n<\/tr>\n<tr style=\"border-color: #cecaca; border-width: 1px;\" align=\"center\">\n<td style=\"border: 1px solid #cecaca; text-align: center; vertical-align: middle;\"><span style=\"color: #000000; font-family: arial, helvetica, sans-serif;\"><strong style=\"text-align: center;\">Ley General<\/strong><\/span><\/td>\n<td style=\"border: 1px solid #cecaca; text-align: justify; vertical-align: middle;\"><span style=\"color: #333333; font-family: arial, helvetica, sans-serif;\">Ley General de Protecci\u00f3n Civil\u00a0Ley General del Sistema Nacional de Seguridad P\u00fablica<\/span><\/td>\n<td style=\"border: 1px solid #cecaca; text-align: center; vertical-align: middle;\"><span style=\"color: #333333; font-family: arial, helvetica, sans-serif;\">06\/06\/2012<\/span><\/td>\n<td style=\"border: 1px solid #cecaca; text-align: center; vertical-align: middle;\"><span style=\"color: #333333; font-family: arial, helvetica, sans-serif;\">19\/01\/2018<\/span><\/td>\n<td style=\"border: 1px solid #cecaca; text-align: center; vertical-align: middle;\"><a href=\"https:\/\/drive.google.com\/file\/d\/0B3UuF9VqNML0cFBVTE1GUUM5cXM\/view?usp=sharing&amp;resourcekey=0-EceoOZabDqCZhqLVofODkA\" target=\"_blank\" rel=\"noopener noreferrer\"><img decoding=\"async\" src=\"https:\/\/agec.campeche.gob.mx\/wp-content\/uploads\/1485982193_Adobe_Acrobat_Reader-1.png\" alt=\"1485982193 Adobe Acrobat Reader\" \/><\/a><\/td>\n<\/tr>\n<tr style=\"border-color: #cecaca; border-width: 1px;\" align=\"center\">\n<td style=\"border: 1px solid #cecaca; text-align: center; vertical-align: middle;\"><span style=\"color: #000000; font-family: arial, helvetica, sans-serif;\"><strong style=\"text-align: center;\">Ley General<\/strong><\/span><\/td>\n<td style=\"border: 1px solid #cecaca; text-align: justify; vertical-align: middle;\"><span style=\"color: #333333; font-family: arial, helvetica, sans-serif;\">Ley General del Sistema Nacional de Seguridad P\u00fablica<\/span><\/td>\n<td style=\"border: 1px solid #cecaca; text-align: center; vertical-align: middle;\"><span style=\"color: #333333; font-family: arial, helvetica, sans-serif;\">02\/01\/2009<\/span><\/td>\n<td style=\"border: 1px solid #cecaca; text-align: center; vertical-align: middle;\"><span style=\"color: #333333; font-family: arial, helvetica, sans-serif;\">26\/06\/2017<\/span><\/td>\n<td style=\"border: 1px solid #cecaca; text-align: center; vertical-align: middle;\"><a href=\"https:\/\/drive.google.com\/file\/d\/0B3UuF9VqNML0LWZ0SDAwZXZrOFE\/view?usp=sharing&amp;resourcekey=0-qcInl_Kn2SJKFA7Ig_sZwA\" target=\"_blank\" rel=\"noopener noreferrer\"><img decoding=\"async\" src=\"https:\/\/agec.campeche.gob.mx\/wp-content\/uploads\/1485982193_Adobe_Acrobat_Reader-1.png\" alt=\"1485982193 Adobe Acrobat Reader\" \/><\/a><\/td>\n<\/tr>\n<tr style=\"border-color: #cecaca; border-width: 1px;\" align=\"center\">\n<td style=\"border: 1px solid #cecaca; text-align: center; vertical-align: middle;\"><span style=\"color: #000000; font-family: arial, helvetica, sans-serif;\"><strong style=\"text-align: center;\">Ley General<\/strong><\/span><\/td>\n<td style=\"border: 1px solid #cecaca; text-align: justify; vertical-align: middle;\"><span style=\"color: #333333; font-family: arial, helvetica, sans-serif;\">Ley General de Transparencia y Acceso a la Informaci\u00f3n P\u00fablica<\/span><\/td>\n<td style=\"border: 1px solid #cecaca; text-align: center; vertical-align: middle;\"><span style=\"color: #333333; font-family: arial, helvetica, sans-serif;\">04\/05\/2015<\/span><\/td>\n<td style=\"border: 1px solid #cecaca; text-align: center; vertical-align: middle;\"><span style=\"color: #333333; font-family: arial, helvetica, sans-serif;\"><\/span><\/td>\n<td style=\"border: 1px solid #cecaca; text-align: center; vertical-align: middle;\"><a href=\"https:\/\/drive.google.com\/file\/d\/0B3UuF9VqNML0TXVBSS05TkNXczQ\/view?usp=sharing&amp;resourcekey=0-iKvjjYHxPIEa4MAejidjWA\" target=\"_blank\" rel=\"noopener noreferrer\"><img decoding=\"async\" src=\"https:\/\/agec.campeche.gob.mx\/wp-content\/uploads\/1485982193_Adobe_Acrobat_Reader-1.png\" alt=\"1485982193 Adobe Acrobat Reader\" \/><\/a><\/td>\n<\/tr>\n<tr style=\"border-color: #cecaca; border-width: 1px;\" align=\"center\">\n<td style=\"border: 1px solid #cecaca; text-align: center; vertical-align: middle;\"><span style=\"color: #000000; font-family: arial, helvetica, sans-serif;\"><strong style=\"text-align: center;\">Ley General<\/strong><\/span><\/td>\n<td style=\"border: 1px solid #cecaca; text-align: justify; vertical-align: middle;\"><span style=\"color: #333333; font-family: arial, helvetica, sans-serif;\">Ley General de Protecci\u00f3n de Datos Personales en Posesi\u00f3n de Sujetos Obligados<\/span><\/td>\n<td style=\"border: 1px solid #cecaca; text-align: center; vertical-align: middle;\"><span style=\"color: #333333; font-family: arial, helvetica, sans-serif;\">26\/01\/2017<\/span><\/td>\n<td style=\"border: 1px solid #cecaca; text-align: center; vertical-align: middle;\"><span style=\"color: #333333; font-family: arial, helvetica, sans-serif;\"><\/span><\/td>\n<td style=\"border: 1px solid #cecaca; text-align: center; vertical-align: middle;\"><a href=\"https:\/\/drive.google.com\/file\/d\/0B3UuF9VqNML0NTFZZHlIc0ljV2M\/view?usp=sharing&amp;resourcekey=0-9FeIcNd2UP2LnD8pYQsg6g\" target=\"_blank\" rel=\"noopener noreferrer\"><img decoding=\"async\" src=\"https:\/\/agec.campeche.gob.mx\/wp-content\/uploads\/1485982193_Adobe_Acrobat_Reader-1.png\" alt=\"1485982193 Adobe Acrobat Reader\" \/><\/a><\/td>\n<\/tr>\n<tr style=\"border-color: #cecaca; border-width: 1px;\" align=\"center\">\n<td style=\"border: 1px solid #cecaca; text-align: center; vertical-align: middle;\"><span style=\"color: #000000; font-family: arial, helvetica, sans-serif;\"><strong style=\"text-align: center;\">Ley General<\/strong><\/span><\/td>\n<td style=\"border: 1px solid #cecaca; text-align: justify; vertical-align: middle;\"><span style=\"color: #333333; font-family: arial, helvetica, sans-serif;\">Ley General de Asentamientos Humanos, Ordenamiento Territorial y Desarrollo Urbano<\/span><\/td>\n<td style=\"border: 1px solid #cecaca; text-align: center; vertical-align: middle;\"><span style=\"color: #333333; font-family: arial, helvetica, sans-serif;\">28\/11\/2016<\/span><\/td>\n<td style=\"border: 1px solid #cecaca; text-align: center; vertical-align: middle;\"><span style=\"color: #333333; font-family: arial, helvetica, sans-serif;\"><\/span><\/td>\n<td style=\"border: 1px solid #cecaca; text-align: center; vertical-align: middle;\"><a href=\"https:\/\/drive.google.com\/file\/d\/0B3UuF9VqNML0VUNlY3UwTWdWLWc\/view?usp=sharing&amp;resourcekey=0-x9GPimk9G5PDPxwFMTektg\" target=\"_blank\" rel=\"noopener noreferrer\"><img decoding=\"async\" src=\"https:\/\/agec.campeche.gob.mx\/wp-content\/uploads\/1485982193_Adobe_Acrobat_Reader-1.png\" alt=\"1485982193 Adobe Acrobat Reader\" \/><\/a><\/td>\n<\/tr>\n<tr style=\"border-color: #cecaca; border-width: 1px;\" align=\"center\">\n<td style=\"border: 1px solid #cecaca; text-align: center; vertical-align: middle;\"><span style=\"color: #000000; font-family: arial, helvetica, sans-serif;\"><strong style=\"text-align: center;\">Ley General<\/strong><\/span><\/td>\n<td style=\"border: 1px solid #cecaca; text-align: justify; vertical-align: middle;\"><span style=\"color: #333333; font-family: arial, helvetica, sans-serif;\">Ley General de Acceso de las Mujeres a una Vida libre de Violencia<\/span><\/td>\n<td style=\"border: 1px solid #cecaca; text-align: center; vertical-align: middle;\"><span style=\"color: #333333; font-family: arial, helvetica, sans-serif;\">01\/02\/2007<\/span><\/td>\n<td style=\"border: 1px solid #cecaca; text-align: center; vertical-align: middle;\"><span style=\"color: #333333; font-family: arial, helvetica, sans-serif;\">22\/06\/2017<\/span><\/td>\n<td style=\"border: 1px solid #cecaca; text-align: center; vertical-align: middle;\"><a href=\"https:\/\/drive.google.com\/file\/d\/18GrAbiNUBxzJuQYKlQGYfwDKckK-dPrD\/view?usp=sharing\" target=\"_blank\" rel=\"noopener noreferrer\"><img decoding=\"async\" src=\"https:\/\/agec.campeche.gob.mx\/wp-content\/uploads\/1485982193_Adobe_Acrobat_Reader-1.png\" alt=\"1485982193 Adobe Acrobat Reader\" \/><\/a><\/td>\n<\/tr>\n<tr style=\"border-color: #cecaca; border-width: 1px;\" align=\"center\">\n<td style=\"border: 1px solid #cecaca; text-align: center; vertical-align: middle;\"><span style=\"color: #000000; font-family: arial, helvetica, sans-serif;\"><strong style=\"text-align: center;\">Ley General<\/strong><\/span><\/td>\n<td style=\"border: 1px solid #cecaca; text-align: justify; vertical-align: middle;\"><span style=\"color: #333333; font-family: arial, helvetica, sans-serif;\">Ley General de Instituciones y Procedimiento Electorales\u00a0<\/span><\/td>\n<td style=\"border: 1px solid #cecaca; text-align: center; vertical-align: middle;\"><span style=\"color: #333333; font-family: arial, helvetica, sans-serif;\">23\/05\/2014<\/span><\/td>\n<td style=\"border: 1px solid #cecaca; text-align: center; vertical-align: middle;\"><span style=\"color: #333333; font-family: arial, helvetica, sans-serif;\">27\/01\/2017<\/span><\/td>\n<td style=\"border: 1px solid #cecaca; text-align: center; vertical-align: middle;\"><a href=\"https:\/\/drive.google.com\/file\/d\/1mwiMFf8u0so_yTTzOzBfh62NyGrsXRZg\/view?usp=sharing\" target=\"_blank\" rel=\"noopener noreferrer\"><img decoding=\"async\" src=\"https:\/\/agec.campeche.gob.mx\/wp-content\/uploads\/1485982193_Adobe_Acrobat_Reader-1.png\" alt=\"1485982193 Adobe Acrobat Reader\" \/><\/a><\/td>\n<\/tr>\n<tr style=\"border-color: #cecaca; border-width: 1px;\" align=\"center\">\n<td style=\"border: 1px solid #cecaca; text-align: center; vertical-align: middle;\"><span style=\"color: #000000; font-family: arial, helvetica, sans-serif;\"><strong style=\"text-align: center;\">Ley General<\/strong><\/span><\/td>\n<td style=\"border: 1px solid #cecaca; text-align: justify; vertical-align: middle;\"><span style=\"color: #333333; font-family: arial, helvetica, sans-serif;\">Ley General para la Igualdad entre Mujeres y Hombres\u00a0<\/span><\/td>\n<td style=\"border: 1px solid #cecaca; text-align: center; vertical-align: middle;\"><span style=\"color: #333333; font-family: arial, helvetica, sans-serif;\">02\/08\/2006<\/span><\/td>\n<td style=\"border: 1px solid #cecaca; text-align: center; vertical-align: middle;\"><span style=\"color: #333333; font-family: arial, helvetica, sans-serif;\">24\/03\/2016<\/span><\/td>\n<td style=\"border: 1px solid #cecaca; text-align: center; vertical-align: middle;\"><a href=\"https:\/\/drive.google.com\/file\/d\/0B3UuF9VqNML0LVN5bDBHZHo3N1E\/view?usp=sharing&amp;resourcekey=0-zsUq_l857lZdac-WX6nqCg\" target=\"_blank\" rel=\"noopener noreferrer\"><img decoding=\"async\" src=\"https:\/\/agec.campeche.gob.mx\/wp-content\/uploads\/1485982193_Adobe_Acrobat_Reader-1.png\" alt=\"1485982193 Adobe Acrobat Reader\" \/><\/a><\/td>\n<\/tr>\n<tr style=\"border-color: #cecaca; border-width: 1px;\" align=\"center\">\n<td style=\"border: 1px solid #cecaca; text-align: center; vertical-align: middle;\"><span style=\"color: #000000; font-family: arial, helvetica, sans-serif;\"><strong style=\"text-align: center;\">Ley General<\/strong><\/span><\/td>\n<td style=\"border: 1px solid #cecaca; text-align: justify; vertical-align: middle;\"><span style=\"color: #333333; font-family: arial, helvetica, sans-serif;\">Ley General de los Derechos de Ni\u00f1as, Ni\u00f1os y Adolescentes\u00a0<\/span><\/td>\n<td style=\"border: 1px solid #cecaca; text-align: center; vertical-align: middle;\"><span style=\"color: #333333; font-family: arial, helvetica, sans-serif;\">04\/12\/2014<\/span><\/td>\n<td style=\"border: 1px solid #cecaca; text-align: center; vertical-align: middle;\"><span style=\"color: #333333; font-family: arial, helvetica, sans-serif;\">09\/03\/2018\u00a0<\/span><\/td>\n<td style=\"border: 1px solid #cecaca; text-align: center; vertical-align: middle;\"><a href=\"https:\/\/drive.google.com\/file\/d\/0B3UuF9VqNML0LVN5bDBHZHo3N1E\/view?usp=sharing&amp;resourcekey=0-zsUq_l857lZdac-WX6nqCg\" target=\"_blank\" rel=\"noopener noreferrer\"><img decoding=\"async\" src=\"https:\/\/agec.campeche.gob.mx\/wp-content\/uploads\/1485982193_Adobe_Acrobat_Reader-1.png\" alt=\"1485982193 Adobe Acrobat Reader\" \/><\/a><\/td>\n<\/tr>\n<tr style=\"border-color: #cecaca; border-width: 1px;\" align=\"center\">\n<td style=\"border: 1px solid #cecaca; text-align: center; vertical-align: middle;\"><span style=\"color: #000000; font-family: arial, helvetica, sans-serif;\"><strong style=\"text-align: center;\">Ley General<\/strong><\/span><\/td>\n<td style=\"border: 1px solid #cecaca; text-align: justify; vertical-align: middle;\"><span style=\"color: #333333; font-family: arial, helvetica, sans-serif;\">Ley General de Contabiliad Gubernamental<\/span><\/td>\n<td style=\"border: 1px solid #cecaca; text-align: center; vertical-align: middle;\"><span style=\"color: #333333; font-family: arial, helvetica, sans-serif;\">31\/12\/2008<\/span><\/td>\n<td style=\"border: 1px solid #cecaca; text-align: center; vertical-align: middle;\"><span style=\"color: #333333; font-family: arial, helvetica, sans-serif;\">30\/01\/2016<\/span><\/td>\n<td style=\"border: 1px solid #cecaca; text-align: center; vertical-align: middle;\"><a href=\"https:\/\/drive.google.com\/file\/d\/1Zg1fjb17RwpAFGQmeMdZpVRzw9bJieZ8\/view?usp=sharing\" target=\"_blank\" rel=\"noopener noreferrer\"><img decoding=\"async\" src=\"https:\/\/agec.campeche.gob.mx\/wp-content\/uploads\/1485982193_Adobe_Acrobat_Reader-1.png\" alt=\"1485982193 Adobe Acrobat Reader\" \/><\/a><\/td>\n<\/tr>\n<tr style=\"border-color: #cecaca; border-width: 1px;\" align=\"center\">\n<td style=\"border: 1px solid #cecaca; text-align: center; vertical-align: middle;\"><span style=\"color: #000000; font-family: arial, helvetica, sans-serif;\"><strong style=\"text-align: center;\">Ley General<\/strong><\/span><\/td>\n<td style=\"border: 1px solid #cecaca; text-align: justify; vertical-align: middle;\"><span style=\"color: #333333; font-family: arial, helvetica, sans-serif;\">Ley General del Sistema Nacional Anticorrupci\u00f3n<\/span><\/td>\n<td style=\"border: 1px solid #cecaca; text-align: center; vertical-align: middle;\"><span style=\"color: #333333; font-family: arial, helvetica, sans-serif;\">18\/07\/2016<\/span><\/td>\n<td style=\"border: 1px solid #cecaca; text-align: center; vertical-align: middle;\"><span style=\"color: #333333; font-family: arial, helvetica, sans-serif;\"><\/span><\/td>\n<td style=\"border: 1px solid #cecaca; text-align: center; vertical-align: middle;\"><a href=\"https:\/\/drive.google.com\/file\/d\/0B3UuF9VqNML0SVdXZTJMYVZLZzA\/view?usp=sharing&amp;resourcekey=0-5Xj48vQYCPHF_k2qZtuyhg\" target=\"_blank\" rel=\"noopener noreferrer\"><img decoding=\"async\" src=\"https:\/\/agec.campeche.gob.mx\/wp-content\/uploads\/1485982193_Adobe_Acrobat_Reader-1.png\" alt=\"1485982193 Adobe Acrobat Reader\" \/><\/a><\/td>\n<\/tr>\n<tr style=\"border-color: #cecaca; border-width: 1px;\" align=\"center\">\n<td style=\"border: 1px solid #cecaca; text-align: center; vertical-align: middle;\"><span style=\"color: #000000; font-family: arial, helvetica, sans-serif;\"><strong style=\"text-align: center;\">Ley General<\/strong><\/span><\/td>\n<td style=\"border: 1px solid #cecaca; text-align: justify; vertical-align: middle;\"><span style=\"color: #333333; font-family: arial, helvetica, sans-serif;\">Ley General de Responsabilidades Administrativas<\/span><\/td>\n<td style=\"border: 1px solid #cecaca; text-align: center; vertical-align: middle;\"><span style=\"color: #333333; font-family: arial, helvetica, sans-serif;\">18\/07\/2016<\/span><\/td>\n<td style=\"border: 1px solid #cecaca; text-align: center; vertical-align: middle;\"><span style=\"color: #333333; font-family: arial, helvetica, sans-serif;\"><\/span><\/td>\n<td style=\"border: 1px solid #cecaca; text-align: center; vertical-align: middle;\"><a href=\"https:\/\/drive.google.com\/file\/d\/0B3UuF9VqNML0Q1UtdDU0SGJSM0E\/view?usp=sharing&amp;resourcekey=0-fyyZ9XFDFayfXZhgt8SL6A\" target=\"_blank\" rel=\"noopener noreferrer\"><img decoding=\"async\" src=\"https:\/\/agec.campeche.gob.mx\/wp-content\/uploads\/1485982193_Adobe_Acrobat_Reader-1.png\" alt=\"1485982193 Adobe Acrobat Reader\" \/><\/a><\/td>\n<\/tr>\n<tr style=\"border-color: #cecaca; border-width: 1px;\" align=\"center\">\n<td style=\"border: 1px solid #cecaca; text-align: center; vertical-align: middle;\"><span style=\"color: #000000; font-family: arial, helvetica, sans-serif;\"><strong style=\"text-align: center;\">Ley General<\/strong><\/span><\/td>\n<td style=\"border: 1px solid #cecaca; text-align: justify; vertical-align: middle;\"><span style=\"color: #333333; font-family: arial, helvetica, sans-serif;\">Ley General de V\u00edctimas\u00a0<\/span><\/td>\n<td style=\"border: 1px solid #cecaca; text-align: center; vertical-align: middle;\"><span style=\"color: #333333; font-family: arial, helvetica, sans-serif;\">09\/01\/2013<\/span><\/td>\n<td style=\"border: 1px solid #cecaca; text-align: center; vertical-align: middle;\"><span style=\"color: #333333; font-family: arial, helvetica, sans-serif;\">03\/01\/2017<\/span><\/td>\n<td style=\"border: 1px solid #cecaca; text-align: center; vertical-align: middle;\"><a href=\"https:\/\/drive.google.com\/file\/d\/0B3UuF9VqNML0TE50NDUxdnB3U2M\/view?usp=sharing&amp;resourcekey=0-G7mYhQNBx_aTIJbwKyPiYA\" target=\"_blank\" rel=\"noopener noreferrer\"><img decoding=\"async\" src=\"https:\/\/agec.campeche.gob.mx\/wp-content\/uploads\/1485982193_Adobe_Acrobat_Reader-1.png\" alt=\"1485982193 Adobe Acrobat Reader\" \/><\/a><\/td>\n<\/tr>\n<tr style=\"border-color: #cecaca; border-width: 1px;\" align=\"center\">\n<td style=\"border: 1px solid #cecaca; text-align: center; vertical-align: middle;\"><span style=\"color: #000000; font-family: arial, helvetica, sans-serif;\"><strong style=\"text-align: center;\">Ley Federal<\/strong><\/span><\/td>\n<td style=\"border: 1px solid #cecaca; text-align: justify; vertical-align: middle;\"><span style=\"color: #333333; font-family: arial, helvetica, sans-serif;\">Ley Federal de Armas de Fuego y Explosivos\u00a0<\/span><\/td>\n<td style=\"border: 1px solid #cecaca; text-align: center; vertical-align: middle;\"><span style=\"color: #333333; font-family: arial, helvetica, sans-serif;\">11\/01\/1972<\/span><\/td>\n<td style=\"border: 1px solid #cecaca; text-align: center; vertical-align: middle;\"><span style=\"color: #333333; font-family: arial, helvetica, sans-serif;\">12\/11\/2015<\/span><\/td>\n<td style=\"border: 1px solid #cecaca; text-align: center; vertical-align: middle;\"><a href=\"https:\/\/drive.google.com\/file\/d\/0B3UuF9VqNML0UGFsLXlvMG1CdXM\/view?usp=sharing&amp;resourcekey=0-VeGlLPh8uQj77DYhbfLlSw\" target=\"_blank\" rel=\"noopener noreferrer\"><img decoding=\"async\" src=\"https:\/\/agec.campeche.gob.mx\/wp-content\/uploads\/1485982193_Adobe_Acrobat_Reader-1.png\" alt=\"1485982193 Adobe Acrobat Reader\" \/><\/a><\/td>\n<\/tr>\n<tr style=\"border-color: #cecaca; border-width: 1px;\" align=\"center\">\n<td style=\"border: 1px solid #cecaca; text-align: center; vertical-align: middle;\"><span style=\"color: #000000; font-family: arial, helvetica, sans-serif;\"><strong style=\"text-align: center;\">Ley Federal<\/strong><\/span><\/td>\n<td style=\"border: 1px solid #cecaca; text-align: justify; vertical-align: middle;\"><span style=\"color: #333333; font-family: arial, helvetica, sans-serif;\">Ley \u00a0Federal del Procedimiento Administrativo<\/span><\/td>\n<td style=\"border: 1px solid #cecaca; text-align: center; vertical-align: middle;\"><span style=\"color: #333333; font-family: arial, helvetica, sans-serif;\">04\/08\/1994<\/span><\/td>\n<td style=\"border: 1px solid #cecaca; text-align: center; vertical-align: middle;\"><span style=\"color: #333333; font-family: arial, helvetica, sans-serif;\">02\/05\/2017<\/span><\/td>\n<td style=\"border: 1px solid #cecaca; text-align: center; vertical-align: middle;\"><a href=\"https:\/\/drive.google.com\/file\/d\/0B3UuF9VqNML0TkRpN0hZYjVldk0\/view?usp=sharing&amp;resourcekey=0-7E7iMTF5NjQmpi3Vb0eyiQ\" target=\"_blank\" rel=\"noopener noreferrer\"><img decoding=\"async\" src=\"https:\/\/agec.campeche.gob.mx\/wp-content\/uploads\/1485982193_Adobe_Acrobat_Reader-1.png\" alt=\"1485982193 Adobe Acrobat Reader\" \/><\/a><\/td>\n<\/tr>\n<tr style=\"border-color: #cecaca; border-width: 1px;\" align=\"center\">\n<td style=\"border: 1px solid #cecaca; text-align: center; vertical-align: middle;\"><span style=\"color: #000000; font-family: arial, helvetica, sans-serif;\"><strong style=\"text-align: center;\">Ley Federal<\/strong><\/span><\/td>\n<td style=\"border: 1px solid #cecaca; text-align: justify; vertical-align: middle;\"><span style=\"color: #333333; font-family: arial, helvetica, sans-serif;\">Ley Federal de Presupuesto y Responsabilidad Hacendaria<\/span><\/td>\n<td style=\"border: 1px solid #cecaca; text-align: center; vertical-align: middle;\"><span style=\"color: #333333; font-family: arial, helvetica, sans-serif;\">30\/03\/2006<\/span><\/td>\n<td style=\"border: 1px solid #cecaca; text-align: center; vertical-align: middle;\"><span style=\"color: #333333; font-family: arial, helvetica, sans-serif;\">30\/12\/2015<\/span><\/td>\n<td style=\"border: 1px solid #cecaca; text-align: center; vertical-align: middle;\"><a href=\"https:\/\/drive.google.com\/file\/d\/0B3UuF9VqNML0MnRzaUVxcnNrOEU\/view?usp=sharing&amp;resourcekey=0-800v0kw5iVSmPDAWw3BmKw\" target=\"_blank\" rel=\"noopener noreferrer\"><img decoding=\"async\" src=\"https:\/\/agec.campeche.gob.mx\/wp-content\/uploads\/1485982193_Adobe_Acrobat_Reader-1.png\" alt=\"1485982193 Adobe Acrobat Reader\" \/><\/a><\/td>\n<\/tr>\n<tr style=\"border-color: #cecaca; border-width: 1px;\" align=\"center\">\n<td style=\"border: 1px solid #cecaca; text-align: center; vertical-align: middle;\"><span style=\"color: #000000; font-family: arial, helvetica, sans-serif;\"><strong style=\"text-align: center;\">Ley Federal<\/strong><\/span><\/td>\n<td style=\"border: 1px solid #cecaca; text-align: justify; vertical-align: middle;\"><span style=\"color: #333333; font-family: arial, helvetica, sans-serif;\">Ley \u00a0Federal de \u00a0Responsabilidades de los \u00a0Servidores P\u00fablicos<\/span><\/td>\n<td style=\"border: 1px solid #cecaca; text-align: center; vertical-align: middle;\"><span style=\"color: #333333; font-family: arial, helvetica, sans-serif;\">31\/12\/1982<\/span><\/td>\n<td style=\"border: 1px solid #cecaca; text-align: center; vertical-align: middle;\"><span style=\"color: #333333; font-family: arial, helvetica, sans-serif;\">18\/07\/2016<\/span><\/td>\n<td style=\"border: 1px solid #cecaca; text-align: center; vertical-align: middle;\"><a href=\"https:\/\/drive.google.com\/open?id=0B3UuF9VqNML0NmdZZ2xsUEthVWM\" target=\"_blank\" rel=\"noopener noreferrer\"><img decoding=\"async\" src=\"https:\/\/agec.campeche.gob.mx\/wp-content\/uploads\/1485982193_Adobe_Acrobat_Reader-1.png\" alt=\"1485982193 Adobe Acrobat Reader\" \/><\/a><\/td>\n<\/tr>\n<tr style=\"border-color: #cecaca; border-width: 1px;\" align=\"center\">\n<td style=\"border: 1px solid #cecaca; text-align: center; vertical-align: middle;\"><span style=\"color: #000000; font-family: arial, helvetica, sans-serif;\"><strong style=\"text-align: center;\">Ley Federal<\/strong><\/span><\/td>\n<td style=\"border: 1px solid #cecaca; text-align: justify; vertical-align: middle;\"><span style=\"color: #333333; font-family: arial, helvetica, sans-serif;\">Ley Federal de Responsabilidades Administrativas de los Servidores P\u00fablicos\u00a0<\/span><\/td>\n<td style=\"border: 1px solid #cecaca; text-align: center; vertical-align: middle;\"><span style=\"color: #333333; font-family: arial, helvetica, sans-serif;\">13\/03\/2002<\/span><\/td>\n<td style=\"border: 1px solid #cecaca; text-align: center; vertical-align: middle;\"><span style=\"color: #333333; font-family: arial, helvetica, sans-serif;\">18\/07\/2016<\/span><\/td>\n<td style=\"border: 1px solid #cecaca; text-align: center; vertical-align: middle;\"><a href=\"https:\/\/drive.google.com\/open?id=0B3UuF9VqNML0ckxmQUgtMGNVd2c\" target=\"_blank\" rel=\"noopener noreferrer\"><img decoding=\"async\" src=\"https:\/\/agec.campeche.gob.mx\/wp-content\/uploads\/1485982193_Adobe_Acrobat_Reader-1.png\" alt=\"1485982193 Adobe Acrobat Reader\" \/><\/a><\/td>\n<\/tr>\n<tr style=\"border-color: #cecaca; border-width: 1px;\" align=\"center\">\n<td style=\"border: 1px solid #cecaca; text-align: center; vertical-align: middle;\"><span style=\"color: #000000; font-family: arial, helvetica, sans-serif;\"><strong style=\"text-align: center;\">Ley Federal<\/strong><\/span><\/td>\n<td style=\"border: 1px solid #cecaca; text-align: justify; vertical-align: middle;\"><span style=\"color: #333333; font-family: arial, helvetica, sans-serif;\">Ley Federal del Trabajo<\/span><\/td>\n<td style=\"border: 1px solid #cecaca; text-align: center; vertical-align: middle;\"><span style=\"color: #333333; font-family: arial, helvetica, sans-serif;\">01\/04\/1970<\/span><\/td>\n<td style=\"border: 1px solid #cecaca; text-align: center; vertical-align: middle;\"><span style=\"color: #333333; font-family: arial, helvetica, sans-serif;\">12\/06\/2015<\/span><\/td>\n<td style=\"border: 1px solid #cecaca; text-align: center; vertical-align: middle;\"><img decoding=\"async\" src=\"https:\/\/agec.campeche.gob.mx\/wp-content\/uploads\/1485982193_Adobe_Acrobat_Reader-1.png\" alt=\"1485982193 Adobe Acrobat Reader\" \/><\/td>\n<\/tr>\n<tr style=\"border-color: #cecaca; border-width: 1px;\" align=\"center\">\n<td style=\"border: 1px solid #cecaca; text-align: center; vertical-align: middle;\"><span style=\"color: #000000; font-family: arial, helvetica, sans-serif;\"><strong style=\"text-align: center;\">Ley Federal<\/strong><\/span><\/td>\n<td style=\"border: 1px solid #cecaca; text-align: justify; vertical-align: middle;\"><span style=\"color: #333333; font-family: arial, helvetica, sans-serif;\">Ley Federal de Transparencia y Acceso a \u00a0la Informaci\u00f3n P\u00fablica<\/span><\/td>\n<td style=\"border: 1px solid #cecaca; text-align: center; vertical-align: middle;\"><span style=\"color: #333333; font-family: arial, helvetica, sans-serif;\">9\/05\/2016<\/span><\/td>\n<td style=\"border: 1px solid #cecaca; text-align: center; vertical-align: middle;\"><span style=\"color: #333333; font-family: arial, helvetica, sans-serif;\">27\/01\/2017<\/span><\/td>\n<td style=\"border: 1px solid #cecaca; text-align: center; vertical-align: middle;\"><img decoding=\"async\" src=\"https:\/\/agec.campeche.gob.mx\/wp-content\/uploads\/1485982193_Adobe_Acrobat_Reader-1.png\" alt=\"1485982193 Adobe Acrobat Reader\" \/><\/td>\n<\/tr>\n<tr style=\"border-color: #cecaca; border-width: 1px;\" align=\"center\">\n<td style=\"border: 1px solid #cecaca; text-align: center; vertical-align: middle;\"><span style=\"color: #000000; font-family: arial, helvetica, sans-serif;\"><strong style=\"text-align: center;\">Ley Federal<\/strong><\/span><\/td>\n<td style=\"border: 1px solid #cecaca; text-align: justify; vertical-align: middle;\"><span style=\"color: #333333; font-family: arial, helvetica, sans-serif;\">Ley \u00a0Federal para Prevenir \u00a0y Sancionar \u00a0la Tortura<\/span><\/td>\n<td style=\"border: 1px solid #cecaca; text-align: center; vertical-align: middle;\"><span style=\"color: #333333; font-family: arial, helvetica, sans-serif;\">26\/06\/2017<\/span><\/td>\n<td style=\"border: 1px solid #cecaca; text-align: center; vertical-align: middle;\"><span style=\"color: #333333; font-family: arial, helvetica, sans-serif;\"><\/span><\/td>\n<td style=\"border: 1px solid #cecaca; text-align: center; vertical-align: middle;\"><img decoding=\"async\" src=\"https:\/\/agec.campeche.gob.mx\/wp-content\/uploads\/1485982193_Adobe_Acrobat_Reader-1.png\" alt=\"1485982193 Adobe Acrobat Reader\" \/><\/td>\n<\/tr>\n<tr style=\"border-color: #cecaca; border-width: 1px;\" align=\"center\">\n<td style=\"border: 1px solid #cecaca; text-align: center; vertical-align: middle;\"><span style=\"color: #000000; font-family: arial, helvetica, sans-serif;\"><strong style=\"text-align: center;\">Ley Federal<\/strong><\/span><\/td>\n<td style=\"border: 1px solid #cecaca; text-align: justify; vertical-align: middle;\"><span style=\"color: #333333; font-family: arial, helvetica, sans-serif;\">Ley Federal de Defensor\u00eda P\u00fablica<\/span><\/td>\n<td style=\"border: 1px solid #cecaca; text-align: center; vertical-align: middle;\"><span style=\"color: #333333; font-family: arial, helvetica, sans-serif;\">28\/05\/1998<\/span><\/td>\n<td style=\"border: 1px solid #cecaca; text-align: center; vertical-align: middle;\"><span style=\"color: #333333; font-family: arial, helvetica, sans-serif;\">17\/06\/2016<\/span><\/td>\n<td style=\"border: 1px solid #cecaca; text-align: center; vertical-align: middle;\"><img decoding=\"async\" src=\"https:\/\/agec.campeche.gob.mx\/wp-content\/uploads\/1485982193_Adobe_Acrobat_Reader-1.png\" alt=\"1485982193 Adobe Acrobat Reader\" \/><\/td>\n<\/tr>\n<tr style=\"border-color: #cecaca; border-width: 1px;\" align=\"center\">\n<td style=\"border: 1px solid #cecaca; text-align: center; vertical-align: middle;\"><span style=\"color: #000000; font-family: arial, helvetica, sans-serif;\"><strong style=\"text-align: center;\">Ley Federal<\/strong><\/span><\/td>\n<td style=\"border: 1px solid #cecaca; text-align: justify; vertical-align: middle;\"><span style=\"color: #333333; font-family: arial, helvetica, sans-serif;\">Ley Federal de Procedimiento Contencioso Administrativo\u00a0<\/span><\/td>\n<td style=\"border: 1px solid #cecaca; text-align: center; vertical-align: middle;\"><span style=\"color: #333333; font-family: arial, helvetica, sans-serif;\">01\/12\/2005<\/span><\/td>\n<td style=\"border: 1px solid #cecaca; text-align: center; vertical-align: middle;\"><span style=\"color: #333333; font-family: arial, helvetica, sans-serif;\">27\/01\/2017<\/span><\/td>\n<td style=\"border: 1px solid #cecaca; text-align: center; vertical-align: middle;\"><img decoding=\"async\" src=\"https:\/\/agec.campeche.gob.mx\/wp-content\/uploads\/1485982193_Adobe_Acrobat_Reader-1.png\" alt=\"1485982193 Adobe Acrobat Reader\" \/><\/td>\n<\/tr>\n<tr style=\"border-color: #cecaca; border-width: 1px;\" align=\"center\">\n<td style=\"border: 1px solid #cecaca; text-align: center; vertical-align: middle;\"><span style=\"color: #000000; font-family: arial, helvetica, sans-serif;\"><strong style=\"text-align: center;\">Ley Federal<\/strong><\/span><\/td>\n<td style=\"border: 1px solid #cecaca; text-align: justify; vertical-align: middle;\"><span style=\"color: #333333; font-family: arial, helvetica, sans-serif;\">Ley Federal de Telecomunicaciones y Radiodifusi\u00f3n<\/span><\/td>\n<td style=\"border: 1px solid #cecaca; text-align: center; vertical-align: middle;\"><span style=\"color: #333333; font-family: arial, helvetica, sans-serif;\">14\/07\/2014<\/span><\/td>\n<td style=\"border: 1px solid #cecaca; text-align: center; vertical-align: middle;\"><span style=\"color: #333333; font-family: arial, helvetica, sans-serif;\">31\/10\/2017<\/span><\/td>\n<td style=\"border: 1px solid #cecaca; text-align: center; vertical-align: middle;\"><img decoding=\"async\" src=\"https:\/\/agec.campeche.gob.mx\/wp-content\/uploads\/1485982193_Adobe_Acrobat_Reader-1.png\" alt=\"1485982193 Adobe Acrobat Reader\" \/><\/td>\n<\/tr>\n<tr style=\"border-color: #cecaca; border-width: 1px;\" align=\"center\">\n<td style=\"border: 1px solid #cecaca; text-align: center; vertical-align: middle;\"><span style=\"color: #000000; font-family: arial, helvetica, sans-serif;\"><strong style=\"text-align: center;\">Ley Federal<\/strong><\/span><\/td>\n<td style=\"border: 1px solid #cecaca; text-align: justify; vertical-align: middle;\"><span style=\"color: #333333; font-family: arial, helvetica, sans-serif;\">Ley Federal para Prevenir y Eliminar la Discriminaci\u00f3n<\/span><\/td>\n<td style=\"border: 1px solid #cecaca; text-align: center; vertical-align: middle;\"><span style=\"color: #333333; font-family: arial, helvetica, sans-serif;\">11\/06\/2003<\/span><\/td>\n<td style=\"border: 1px solid #cecaca; text-align: center; vertical-align: middle;\"><span style=\"color: #333333; font-family: arial, helvetica, sans-serif;\">01\/12\/2016<\/span><\/td>\n<td style=\"border: 1px solid #cecaca; text-align: center; vertical-align: middle;\"><img decoding=\"async\" src=\"https:\/\/agec.campeche.gob.mx\/wp-content\/uploads\/1485982193_Adobe_Acrobat_Reader-1.png\" alt=\"1485982193 Adobe Acrobat Reader\" \/><\/td>\n<\/tr>\n<tr style=\"border-color: #cecaca; border-width: 1px;\" align=\"center\">\n<td style=\"border: 1px solid #cecaca; text-align: center; vertical-align: middle;\"><span style=\"color: #000000; font-family: arial, helvetica, sans-serif;\"><strong style=\"text-align: center;\">Ley Federal<\/strong><\/span><\/td>\n<td style=\"border: 1px solid #cecaca; text-align: justify; vertical-align: middle;\"><span style=\"color: #333333; font-family: arial, helvetica, sans-serif;\">Ley \u00a0de Amparo, Reglamentaria de los Art\u00edculos 103 y 107 de la Constituci\u00f3n Pol\u00edtica de los Estados Unidos Mexicanos.<\/span><\/td>\n<td style=\"border: 1px solid #cecaca; text-align: center; vertical-align: middle;\"><span style=\"color: #333333; font-family: arial, helvetica, sans-serif;\">02\/04\/2013<\/span><\/td>\n<td style=\"border: 1px solid #cecaca; text-align: center; vertical-align: middle;\"><span style=\"color: #333333; font-family: arial, helvetica, sans-serif;\">19\/01\/2018<\/span><\/td>\n<td style=\"border: 1px solid #cecaca; text-align: center; vertical-align: middle;\"><img decoding=\"async\" src=\"https:\/\/agec.campeche.gob.mx\/wp-content\/uploads\/1485982193_Adobe_Acrobat_Reader-1.png\" alt=\"1485982193 Adobe Acrobat Reader\" \/><\/td>\n<\/tr>\n<tr style=\"border-color: #cecaca; border-width: 1px;\" align=\"center\">\n<td style=\"border: 1px solid #cecaca; text-align: center; vertical-align: middle;\"><span style=\"color: #000000; font-family: arial, helvetica, sans-serif;\"><strong style=\"text-align: center;\">Ley Federal<\/strong><\/span><\/td>\n<td style=\"border: 1px solid #cecaca; text-align: justify; vertical-align: middle;\"><span style=\"color: #333333; font-family: arial, helvetica, sans-serif;\">Ley Reglamentaria de la Fracci\u00f3n V del Articulo 76 de la Constituci\u00f3n General de la Rep\u00fablica<\/span><\/td>\n<td style=\"border: 1px solid #cecaca; text-align: center; vertical-align: middle;\"><span style=\"color: #333333; font-family: arial, helvetica, sans-serif;\">29\/12\/1978<\/span><\/td>\n<td style=\"border: 1px solid #cecaca; text-align: center; vertical-align: middle;\"><span style=\"color: #333333; font-family: arial, helvetica, sans-serif;\"><\/span><\/td>\n<td style=\"border: 1px solid #cecaca; text-align: center; vertical-align: middle;\"><img decoding=\"async\" src=\"https:\/\/agec.campeche.gob.mx\/wp-content\/uploads\/1485982193_Adobe_Acrobat_Reader-1.png\" alt=\"1485982193 Adobe Acrobat Reader\" \/><\/td>\n<\/tr>\n<tr style=\"border-color: #cecaca; border-width: 1px;\" align=\"center\">\n<td style=\"border: 1px solid #cecaca; text-align: center; vertical-align: middle;\"><span style=\"color: #000000; font-family: arial, helvetica, sans-serif;\"><strong style=\"text-align: center;\">Ley Federal<\/strong><\/span><\/td>\n<td style=\"border: 1px solid #cecaca; text-align: justify; vertical-align: middle;\"><span style=\"color: #333333; font-family: arial, helvetica, sans-serif;\">Ley Reglamentaria de la Fracci\u00f3n VI del Articulo 76 de la Constituci\u00f3n General de la Rep\u00fablica\u00a0<\/span><\/td>\n<td style=\"border: 1px solid #cecaca; text-align: center; vertical-align: middle;\"><span style=\"color: #333333; font-family: arial, helvetica, sans-serif;\">31\/08\/2007<\/span><\/td>\n<td style=\"border: 1px solid #cecaca; text-align: center; vertical-align: middle;\"><span style=\"color: #333333; font-family: arial, helvetica, sans-serif;\"><\/span><\/td>\n<td style=\"border: 1px solid #cecaca; text-align: center; vertical-align: middle;\"><img decoding=\"async\" src=\"https:\/\/agec.campeche.gob.mx\/wp-content\/uploads\/1485982193_Adobe_Acrobat_Reader-1.png\" alt=\"1485982193 Adobe Acrobat Reader\" \/><\/td>\n<\/tr>\n<tr style=\"border-color: #cecaca; border-width: 1px;\" align=\"center\">\n<td style=\"border: 1px solid #cecaca; text-align: center; vertical-align: middle;\"><span style=\"color: #000000; font-family: arial, helvetica, sans-serif;\"><strong style=\"text-align: center;\">Ley Federal<\/strong><\/span><\/td>\n<td style=\"border: 1px solid #cecaca; text-align: justify; vertical-align: middle;\"><span style=\"color: #333333; font-family: arial, helvetica, sans-serif;\">Ley Reglamentaria de las fracciones I y II del Articulo 105 de la Constituci\u00f3n Pol\u00edtica de los Estados Unidos Mexicanos<\/span><\/td>\n<td style=\"border: 1px solid #cecaca; text-align: center; vertical-align: middle;\"><span style=\"color: #333333; font-family: arial, helvetica, sans-serif;\">11\/05\/1995<\/span><\/td>\n<td style=\"border: 1px solid #cecaca; text-align: center; vertical-align: middle;\"><span style=\"color: #333333; font-family: arial, helvetica, sans-serif;\">27\/01\/2015<\/span><\/td>\n<td style=\"border: 1px solid #cecaca; text-align: center; vertical-align: middle;\"><img decoding=\"async\" src=\"https:\/\/agec.campeche.gob.mx\/wp-content\/uploads\/1485982193_Adobe_Acrobat_Reader-1.png\" alt=\"1485982193 Adobe Acrobat Reader\" \/><\/td>\n<\/tr>\n<tr style=\"border-color: #cecaca; border-width: 1px;\" align=\"center\">\n<td style=\"border: 1px solid #cecaca; text-align: center; vertical-align: middle;\"><span style=\"color: #000000; font-family: arial, helvetica, sans-serif;\"><strong style=\"text-align: center;\">Ley Federal<\/strong><\/span><\/td>\n<td style=\"border: 1px solid #cecaca; text-align: justify; vertical-align: middle;\"><span style=\"color: #333333; font-family: arial, helvetica, sans-serif;\">Ley Nacional \u00a0del Sistema Integral de Justicia Penal para Adolescentes\u00a0<\/span><\/td>\n<td style=\"border: 1px solid #cecaca; text-align: center; vertical-align: middle;\"><span style=\"color: #333333; font-family: arial, helvetica, sans-serif;\">16\/06\/2016<\/span><\/td>\n<td style=\"border: 1px solid #cecaca; text-align: center; vertical-align: middle;\"><span style=\"color: #333333; font-family: arial, helvetica, sans-serif;\"><\/span><\/td>\n<td style=\"border: 1px solid #cecaca; text-align: center; vertical-align: middle;\"><img decoding=\"async\" src=\"https:\/\/agec.campeche.gob.mx\/wp-content\/uploads\/1485982193_Adobe_Acrobat_Reader-1.png\" alt=\"1485982193 Adobe Acrobat Reader\" \/><\/td>\n<\/tr>\n<tr style=\"border-color: #cecaca; border-width: 1px;\" align=\"center\">\n<td style=\"border: 1px solid #cecaca; text-align: center; vertical-align: middle;\"><span style=\"color: #000000; font-family: arial, helvetica, sans-serif;\"><strong style=\"text-align: center;\">Ley Federal<\/strong><\/span><\/td>\n<td style=\"border: 1px solid #cecaca; text-align: justify; vertical-align: middle;\"><span style=\"color: #333333; font-family: arial, helvetica, sans-serif;\">Ley Nacional de Ejecuci\u00f3n Penal<\/span><\/td>\n<td style=\"border: 1px solid #cecaca; text-align: center; vertical-align: middle;\"><span style=\"color: #333333; font-family: arial, helvetica, sans-serif;\">16\/06\/2016<\/span><\/td>\n<td style=\"border: 1px solid #cecaca; text-align: center; vertical-align: middle;\"><span style=\"color: #333333; font-family: arial, helvetica, sans-serif;\"><\/span><\/td>\n<td style=\"border: 1px solid #cecaca; text-align: center; vertical-align: middle;\"><img decoding=\"async\" src=\"https:\/\/agec.campeche.gob.mx\/wp-content\/uploads\/1485982193_Adobe_Acrobat_Reader-1.png\" alt=\"1485982193 Adobe Acrobat Reader\" \/><\/td>\n<\/tr>\n<tr style=\"border-color: #cecaca; border-width: 1px;\" align=\"center\">\n<td style=\"border: 1px solid #cecaca; text-align: center; vertical-align: middle;\"><span style=\"color: #000000; font-family: arial, helvetica, sans-serif;\"><strong style=\"text-align: center;\">Ley Federal<\/strong><\/span><\/td>\n<td style=\"border: 1px solid #cecaca; text-align: justify; vertical-align: middle;\"><span style=\"color: #333333; font-family: arial, helvetica, sans-serif;\">Ley de Instituciones de Seguros y de Fianzas<\/span><\/td>\n<td style=\"border: 1px solid #cecaca; text-align: center; vertical-align: middle;\"><span style=\"color: #333333; font-family: arial, helvetica, sans-serif;\">04\/04\/2013<\/span><\/td>\n<td style=\"border: 1px solid #cecaca; text-align: center; vertical-align: middle;\"><span style=\"color: #333333; font-family: arial, helvetica, sans-serif;\">10\/01\/2014<\/span><\/td>\n<td style=\"border: 1px solid #cecaca; text-align: center; vertical-align: middle;\"><img decoding=\"async\" src=\"https:\/\/agec.campeche.gob.mx\/wp-content\/uploads\/1485982193_Adobe_Acrobat_Reader-1.png\" alt=\"1485982193 Adobe Acrobat Reader\" \/><\/td>\n<\/tr>\n<tr style=\"border-color: #cecaca; border-width: 1px;\" align=\"center\">\n<td style=\"border: 1px solid #cecaca; text-align: center; vertical-align: middle;\"><span style=\"color: #000000; font-family: arial, helvetica, sans-serif;\"><strong style=\"text-align: center;\">Ley Federal<\/strong><\/span><\/td>\n<td style=\"border: 1px solid #cecaca; text-align: justify; vertical-align: middle;\"><span style=\"color: #333333; font-family: arial, helvetica, sans-serif;\">Ley de Coordinaci\u00f3n Fiscal<\/span><\/td>\n<td style=\"border: 1px solid #cecaca; text-align: center; vertical-align: middle;\"><span style=\"color: #333333; font-family: arial, helvetica, sans-serif;\">27\/12\/1978<\/span><\/td>\n<td style=\"border: 1px solid #cecaca; text-align: center; vertical-align: middle;\"><span style=\"color: #333333; font-family: arial, helvetica, sans-serif;\">30\/01\/2018<\/span><\/td>\n<td style=\"border: 1px solid #cecaca; text-align: center; vertical-align: middle;\"><img decoding=\"async\" src=\"https:\/\/agec.campeche.gob.mx\/wp-content\/uploads\/1485982193_Adobe_Acrobat_Reader-1.png\" alt=\"1485982193 Adobe Acrobat Reader\" \/><\/td>\n<\/tr>\n<tr style=\"border-color: #cecaca; border-width: 1px;\" align=\"center\">\n<td style=\"border: 1px solid #cecaca; text-align: center; vertical-align: middle;\"><span style=\"color: #000000; font-family: arial, helvetica, sans-serif;\"><strong>Ley Federal<\/strong><\/span><\/td>\n<td style=\"border: 1px solid #cecaca; text-align: justify; vertical-align: middle;\"><span style=\"color: #333333; font-family: arial, helvetica, sans-serif;\">Ley de Fiscalizaci\u00f3n y Rendici\u00f3n de Cuentas de la Federaci\u00f3n<\/span><\/td>\n<td style=\"border: 1px solid #cecaca; text-align: center; vertical-align: middle;\"><span style=\"color: #333333; font-family: arial, helvetica, sans-serif;\">18\/07\/2016<\/span><\/td>\n<td style=\"border: 1px solid #cecaca; text-align: center; vertical-align: middle;\"><span style=\"color: #333333; font-family: arial, helvetica, sans-serif;\"><\/span><\/td>\n<td style=\"border: 1px solid #cecaca; text-align: center; vertical-align: middle;\"><img decoding=\"async\" src=\"https:\/\/agec.campeche.gob.mx\/wp-content\/uploads\/1485982193_Adobe_Acrobat_Reader-1.png\" alt=\"1485982193 Adobe Acrobat Reader\" \/><\/td>\n<\/tr>\n<tr style=\"border-color: #cecaca; border-width: 1px;\" align=\"center\">\n<td style=\"border: 1px solid #cecaca; text-align: center; vertical-align: middle;\"><span style=\"color: #000000; font-family: arial, helvetica, sans-serif;\"><strong>Ley Federal<\/strong><\/span><\/td>\n<td style=\"border: 1px solid #cecaca; text-align: justify; vertical-align: middle;\"><span style=\"color: #333333; font-family: arial, helvetica, sans-serif;\">Ley de Asociaciones Religiosas y Culto P\u00fablico<\/span><\/td>\n<td style=\"border: 1px solid #cecaca; text-align: center; vertical-align: middle;\"><span style=\"color: #333333; font-family: arial, helvetica, sans-serif;\">15\/07\/1992<\/span><\/td>\n<td style=\"border: 1px solid #cecaca; text-align: center; vertical-align: middle;\"><span style=\"color: #333333; font-family: arial, helvetica, sans-serif;\">17\/12\/2015<\/span><\/td>\n<td style=\"border: 1px solid #cecaca; text-align: center; vertical-align: middle;\"><img decoding=\"async\" src=\"https:\/\/agec.campeche.gob.mx\/wp-content\/uploads\/1485982193_Adobe_Acrobat_Reader-1.png\" alt=\"1485982193 Adobe Acrobat Reader\" \/><\/td>\n<\/tr>\n<tr style=\"border-color: #cecaca; border-width: 1px;\" align=\"center\">\n<td style=\"border: 1px solid #cecaca; text-align: center; vertical-align: middle;\"><span style=\"color: #000000; font-family: arial, helvetica, sans-serif;\"><strong>Ley Federal<\/strong><\/span><\/td>\n<td style=\"border: 1px solid #cecaca; text-align: justify; vertical-align: middle;\"><span style=\"color: #333333; font-family: arial, helvetica, sans-serif;\">Ley Agraria<\/span><\/td>\n<td style=\"border: 1px solid #cecaca; text-align: center; vertical-align: middle;\"><span style=\"color: #333333; font-family: arial, helvetica, sans-serif;\">\u00a026\/02\/1992<\/span><\/td>\n<td style=\"border: 1px solid #cecaca; text-align: center; vertical-align: middle;\"><span style=\"color: #333333; font-family: arial, helvetica, sans-serif;\">27\/03\/2017<\/span><\/td>\n<td style=\"border: 1px solid #cecaca; text-align: center; vertical-align: middle;\"><img decoding=\"async\" src=\"https:\/\/agec.campeche.gob.mx\/wp-content\/uploads\/1485982193_Adobe_Acrobat_Reader-1.png\" alt=\"1485982193 Adobe Acrobat Reader\" \/><\/td>\n<\/tr>\n<tr style=\"border-color: #cecaca; border-width: 1px;\" align=\"center\">\n<td style=\"border: 1px solid #cecaca; text-align: center; vertical-align: middle;\"><span style=\"color: #000000; font-family: arial, helvetica, sans-serif;\"><strong>Ley Federal<\/strong><\/span><\/td>\n<td style=\"border: 1px solid #cecaca; text-align: justify; vertical-align: middle;\"><span style=\"color: #333333; font-family: arial, helvetica, sans-serif;\">Ley de Expropiaci\u00f3n<\/span><\/td>\n<td style=\"border: 1px solid #cecaca; text-align: center; vertical-align: middle;\"><span style=\"color: #333333; font-family: arial, helvetica, sans-serif;\">25\/11\/1936<\/span><\/td>\n<td style=\"border: 1px solid #cecaca; text-align: center; vertical-align: middle;\"><span style=\"color: #333333; font-family: arial, helvetica, sans-serif;\">27\/01\/2012<\/span><\/td>\n<td style=\"border: 1px solid #cecaca; text-align: center; vertical-align: middle;\"><img decoding=\"async\" src=\"https:\/\/agec.campeche.gob.mx\/wp-content\/uploads\/1485982193_Adobe_Acrobat_Reader-1.png\" alt=\"1485982193 Adobe Acrobat Reader\" \/><\/td>\n<\/tr>\n<tr style=\"border-color: #cecaca; border-width: 1px;\" align=\"center\">\n<td style=\"border: 1px solid #cecaca; text-align: center; vertical-align: middle;\"><span style=\"color: #000000; font-family: arial, helvetica, sans-serif;\"><strong>Ley Federal<\/strong><\/span><\/td>\n<td style=\"border: 1px solid #cecaca; text-align: justify; vertical-align: middle;\"><span style=\"color: #333333; font-family: arial, helvetica, sans-serif;\">Ley de Obras P\u00fablicas y Servicios Relacionados con las mismas\u00a0<\/span><\/td>\n<td style=\"border: 1px solid #cecaca; text-align: center; vertical-align: middle;\"><span style=\"color: #333333; font-family: arial, helvetica, sans-serif;\">04\/01\/2000<\/span><\/td>\n<td style=\"border: 1px solid #cecaca; text-align: center; vertical-align: middle;\"><span style=\"color: #333333; font-family: arial, helvetica, sans-serif;\">13\/01\/2016<\/span><\/td>\n<td style=\"border: 1px solid #cecaca; text-align: center; vertical-align: middle;\"><img decoding=\"async\" src=\"https:\/\/agec.campeche.gob.mx\/wp-content\/uploads\/1485982193_Adobe_Acrobat_Reader-1.png\" alt=\"1485982193 Adobe Acrobat Reader\" \/><\/td>\n<\/tr>\n<tr style=\"border-color: #cecaca; border-width: 1px;\" align=\"center\">\n<td style=\"border: 1px solid #cecaca; text-align: center; vertical-align: middle;\"><span style=\"color: #000000; font-family: arial, helvetica, sans-serif;\"><strong>Ley Federal<\/strong><\/span><\/td>\n<td style=\"border: 1px solid #cecaca; text-align: justify; vertical-align: middle;\"><span style=\"color: #333333; font-family: arial, helvetica, sans-serif;\">Ley de Nacionalidad<\/span><\/td>\n<td style=\"border: 1px solid #cecaca; text-align: center; vertical-align: middle;\"><span style=\"color: #333333; font-family: arial, helvetica, sans-serif;\">23\/01\/1998<\/span><\/td>\n<td style=\"border: 1px solid #cecaca; text-align: center; vertical-align: middle;\"><span style=\"color: #333333; font-family: arial, helvetica, sans-serif;\">23\/04\/2012<\/span><\/td>\n<td style=\"border: 1px solid #cecaca; text-align: center; vertical-align: middle;\"><img decoding=\"async\" src=\"https:\/\/agec.campeche.gob.mx\/wp-content\/uploads\/1485982193_Adobe_Acrobat_Reader-1.png\" alt=\"1485982193 Adobe Acrobat Reader\" \/><\/td>\n<\/tr>\n<tr style=\"border-color: #cecaca; border-width: 1px;\" align=\"center\">\n<td style=\"border: 1px solid #cecaca; text-align: center; vertical-align: middle;\"><span style=\"color: #000000; font-family: arial, helvetica, sans-serif;\"><strong>Ley Federal<\/strong><\/span><\/td>\n<td style=\"border: 1px solid #cecaca; text-align: justify; vertical-align: middle;\"><span style=\"color: #333333; font-family: arial, helvetica, sans-serif;\">Ley de Seguridad Nacional\u00a0<\/span><\/td>\n<td style=\"border: 1px solid #cecaca; text-align: center; vertical-align: middle;\"><span style=\"color: #333333; font-family: arial, helvetica, sans-serif;\">31\/01\/2005<\/span><\/td>\n<td style=\"border: 1px solid #cecaca; text-align: center; vertical-align: middle;\"><span style=\"color: #333333; font-family: arial, helvetica, sans-serif;\">26\/12\/2005<\/span><\/td>\n<td style=\"border: 1px solid #cecaca; text-align: center; vertical-align: middle;\"><img decoding=\"async\" src=\"https:\/\/agec.campeche.gob.mx\/wp-content\/uploads\/1485982193_Adobe_Acrobat_Reader-1.png\" alt=\"1485982193 Adobe Acrobat Reader\" \/><\/td>\n<\/tr>\n<tr style=\"border-color: #cecaca; border-width: 1px;\" align=\"center\">\n<td style=\"border: 1px solid #cecaca; text-align: center; vertical-align: middle;\"><span style=\"color: #000000; font-family: arial, helvetica, sans-serif;\"><strong>Ley Federal<\/strong><\/span><\/td>\n<td style=\"border: 1px solid #cecaca; text-align: justify; vertical-align: middle;\"><span style=\"color: #333333; font-family: arial, helvetica, sans-serif;\">Ley sobre \u00a0el Escudo, la \u00a0Bandera y el Himno Nacionales<\/span><\/td>\n<td style=\"border: 1px solid #cecaca; text-align: center; vertical-align: middle;\"><span style=\"color: #333333; font-family: arial, helvetica, sans-serif;\">\u00a008\/02\/1984<\/span><\/td>\n<td style=\"border: 1px solid #cecaca; text-align: center; vertical-align: middle;\"><span style=\"color: #333333; font-family: arial, helvetica, sans-serif;\">\u00a001\/12\/2016<\/span><\/td>\n<td style=\"border: 1px solid #cecaca; text-align: center; vertical-align: middle;\"><img decoding=\"async\" src=\"https:\/\/agec.campeche.gob.mx\/wp-content\/uploads\/1485982193_Adobe_Acrobat_Reader-1.png\" alt=\"1485982193 Adobe Acrobat Reader\" \/><\/td>\n<\/tr>\n<tr style=\"border-color: #cecaca; border-width: 1px;\" align=\"center\">\n<td style=\"border: 1px solid #cecaca; text-align: center; vertical-align: middle;\"><span style=\"color: #000000; font-family: arial, helvetica, sans-serif;\"><strong>Ley Federal<\/strong><\/span><\/td>\n<td style=\"border: 1px solid #cecaca; text-align: justify; vertical-align: middle;\"><span style=\"color: #333333; font-family: arial, helvetica, sans-serif;\">Ley de Adquisiciones, Arrendamientos y Servicios del Sector Publico\u00a0<\/span><\/td>\n<td style=\"border: 1px solid #cecaca; text-align: center; vertical-align: middle;\"><span style=\"color: #333333; font-family: arial, helvetica, sans-serif;\">04\/01\/2000<\/span><\/td>\n<td style=\"border: 1px solid #cecaca; text-align: center; vertical-align: middle;\"><span style=\"color: #333333; font-family: arial, helvetica, sans-serif;\">10\/11\/2014<\/span><\/td>\n<td style=\"border: 1px solid #cecaca; text-align: center; vertical-align: middle;\"><img decoding=\"async\" src=\"https:\/\/agec.campeche.gob.mx\/wp-content\/uploads\/1485982193_Adobe_Acrobat_Reader-1.png\" alt=\"1485982193 Adobe Acrobat Reader\" \/><\/td>\n<\/tr>\n<tr style=\"border-color: #cecaca; border-width: 1px;\" align=\"center\">\n<td style=\"border: 1px solid #cecaca; text-align: center; vertical-align: middle;\"><span style=\"color: #000000; font-family: arial, helvetica, sans-serif;\"><strong>Ley Federal<\/strong><\/span><\/td>\n<td style=\"border: 1px solid #cecaca; text-align: justify; vertical-align: middle;\"><span style=\"color: #333333; font-family: arial, helvetica, sans-serif;\">Ley de Planeaci\u00f3n<\/span><\/td>\n<td style=\"border: 1px solid #cecaca; text-align: center; vertical-align: middle;\"><span style=\"color: #333333; font-family: arial, helvetica, sans-serif;\">05\/01\/1983<\/span><\/td>\n<td style=\"border: 1px solid #cecaca; text-align: center; vertical-align: middle;\"><span style=\"color: #333333; font-family: arial, helvetica, sans-serif;\">16\/02\/2018<\/span><\/td>\n<td style=\"border: 1px solid #cecaca; text-align: center; vertical-align: middle;\"><img decoding=\"async\" src=\"https:\/\/agec.campeche.gob.mx\/wp-content\/uploads\/1485982193_Adobe_Acrobat_Reader-1.png\" alt=\"1485982193 Adobe Acrobat Reader\" \/><\/td>\n<\/tr>\n<tr style=\"border-color: #cecaca; border-width: 1px;\" align=\"center\">\n<td style=\"border: 1px solid #cecaca; text-align: center; vertical-align: middle;\"><span style=\"color: #000000; font-family: arial, helvetica, sans-serif;\"><strong>Ley Federal<\/strong><\/span><\/td>\n<td style=\"border: 1px solid #cecaca; text-align: justify; vertical-align: middle;\"><span style=\"color: #333333; font-family: arial, helvetica, sans-serif;\">Ley del Impuesto al Valor Agregado<\/span><\/td>\n<td style=\"border: 1px solid #cecaca; text-align: center; vertical-align: middle;\"><span style=\"color: #333333; font-family: arial, helvetica, sans-serif;\">29\/12\/1978<\/span><\/td>\n<td style=\"border: 1px solid #cecaca; text-align: center; vertical-align: middle;\"><span style=\"color: #333333; font-family: arial, helvetica, sans-serif;\">30\/11\/2016<\/span><\/td>\n<td style=\"border: 1px solid #cecaca; text-align: center; vertical-align: middle;\"><img decoding=\"async\" src=\"https:\/\/agec.campeche.gob.mx\/wp-content\/uploads\/1485982193_Adobe_Acrobat_Reader-1.png\" alt=\"1485982193 Adobe Acrobat Reader\" \/><\/td>\n<\/tr>\n<tr style=\"border-color: #cecaca; border-width: 1px;\" align=\"center\">\n<td style=\"border: 1px solid #cecaca; text-align: center; vertical-align: middle;\"><span style=\"color: #000000; font-family: arial, helvetica, sans-serif;\"><strong>Ley Federal<\/strong><\/span><\/td>\n<td style=\"border: 1px solid #cecaca; text-align: justify; vertical-align: middle;\"><span style=\"color: #333333; font-family: arial, helvetica, sans-serif;\">Ley del Impuesto Sobre la Renta<\/span><\/td>\n<td style=\"border: 1px solid #cecaca; text-align: center; vertical-align: middle;\"><span style=\"color: #333333; font-family: arial, helvetica, sans-serif;\">11\/12\/2013<\/span><\/td>\n<td style=\"border: 1px solid #cecaca; text-align: center; vertical-align: middle;\"><span style=\"color: #333333; font-family: arial, helvetica, sans-serif;\">30\/11\/2016<\/span><\/td>\n<td style=\"border: 1px solid #cecaca; text-align: center; vertical-align: middle;\"><img decoding=\"async\" src=\"https:\/\/agec.campeche.gob.mx\/wp-content\/uploads\/1485982193_Adobe_Acrobat_Reader-1.png\" alt=\"1485982193 Adobe Acrobat Reader\" \/><\/td>\n<\/tr>\n<tr style=\"border-color: #cecaca; border-width: 1px;\" align=\"center\">\n<td style=\"border: 1px solid #cecaca; text-align: center; vertical-align: middle;\"><span style=\"color: #000000; font-family: arial, helvetica, sans-serif;\"><strong>Ley Federal<\/strong><\/span><\/td>\n<td style=\"border: 1px solid #cecaca; text-align: justify; vertical-align: middle;\"><span style=\"color: #333333; font-family: arial, helvetica, sans-serif;\">Ley del Sistema P\u00fablico de Radiodifusi\u00f3n del Estado Mexicano<\/span><\/td>\n<td style=\"border: 1px solid #cecaca; text-align: center; vertical-align: middle;\"><span style=\"color: #333333; font-family: arial, helvetica, sans-serif;\">14\/07\/2014<\/span><\/td>\n<td style=\"border: 1px solid #cecaca; text-align: center; vertical-align: middle;\"><span style=\"color: #333333; font-family: arial, helvetica, sans-serif;\">18\/12\/2015<\/span><\/td>\n<td style=\"border: 1px solid #cecaca; text-align: center; vertical-align: middle;\"><img decoding=\"async\" src=\"https:\/\/agec.campeche.gob.mx\/wp-content\/uploads\/1485982193_Adobe_Acrobat_Reader-1.png\" alt=\"1485982193 Adobe Acrobat Reader\" \/><\/td>\n<\/tr>\n<tr style=\"border-color: #cecaca; border-width: 1px;\" align=\"center\">\n<td style=\"border: 1px solid #cecaca; text-align: center; vertical-align: middle;\"><span style=\"color: #000000; font-family: arial, helvetica, sans-serif;\"><strong>Ley Federal<\/strong><\/span><\/td>\n<td style=\"border: 1px solid #cecaca; text-align: justify; vertical-align: middle;\"><span style=\"color: #333333; font-family: arial, helvetica, sans-serif;\">Ley de la Comisi\u00f3n Nacional de los Derechos Humanos<\/span><\/td>\n<td style=\"border: 1px solid #cecaca; text-align: center; vertical-align: middle;\"><span style=\"color: #333333; font-family: arial, helvetica, sans-serif;\">29\/06\/1992<\/span><\/td>\n<td style=\"border: 1px solid #cecaca; text-align: center; vertical-align: middle;\"><span style=\"color: #333333; font-family: arial, helvetica, sans-serif;\">\u00a026\/06\/2017<\/span><\/td>\n<td style=\"border: 1px solid #cecaca; text-align: center; vertical-align: middle;\"><img decoding=\"async\" src=\"https:\/\/agec.campeche.gob.mx\/wp-content\/uploads\/1485982193_Adobe_Acrobat_Reader-1.png\" alt=\"1485982193 Adobe Acrobat Reader\" \/><\/td>\n<\/tr>\n<tr style=\"border-color: #cecaca; border-width: 1px;\" align=\"center\">\n<td style=\"border: 1px solid #cecaca; text-align: center; vertical-align: middle;\"><span style=\"color: #000000; font-family: arial, helvetica, sans-serif;\"><strong>Ley Federal<\/strong><\/span><\/td>\n<td style=\"border: 1px solid #cecaca; text-align: justify; vertical-align: middle;\"><span style=\"color: #333333; font-family: arial, helvetica, sans-serif;\">Ley de la Comisi\u00f3n Nacional \u00a0para el Desarrollo de \u00a0los \u00a0Pueblos \u00a0Ind\u00edgenas<\/span><\/td>\n<td style=\"border: 1px solid #cecaca; text-align: center; vertical-align: middle;\"><span style=\"color: #333333; font-family: arial, helvetica, sans-serif;\">21\/05\/2003<\/span><\/td>\n<td style=\"border: 1px solid #cecaca; text-align: center; vertical-align: middle;\"><span style=\"color: #333333; font-family: arial, helvetica, sans-serif;\">26\/06\/2016<\/span><\/td>\n<td style=\"border: 1px solid #cecaca; text-align: center; vertical-align: middle;\"><img decoding=\"async\" src=\"https:\/\/agec.campeche.gob.mx\/wp-content\/uploads\/1485982193_Adobe_Acrobat_Reader-1.png\" alt=\"1485982193 Adobe Acrobat Reader\" \/><\/td>\n<\/tr>\n<tr style=\"border-color: #cecaca; border-width: 1px;\" align=\"center\">\n<td style=\"border: 1px solid #cecaca; text-align: center; vertical-align: middle;\"><span style=\"color: #000000; font-family: arial, helvetica, sans-serif;\"><strong>Ley Federal<\/strong><\/span><\/td>\n<td style=\"border: 1px solid #cecaca; text-align: justify; vertical-align: middle;\"><span style=\"color: #333333; font-family: arial, helvetica, sans-serif;\">Ley de la Polic\u00eda Federal<\/span><\/td>\n<td style=\"border: 1px solid #cecaca; text-align: center; vertical-align: middle;\"><span style=\"color: #333333; font-family: arial, helvetica, sans-serif;\">01\/06\/2009<\/span><\/td>\n<td style=\"border: 1px solid #cecaca; text-align: center; vertical-align: middle;\"><span style=\"color: #333333; font-family: arial, helvetica, sans-serif;\">24\/06\/2011<\/span><\/td>\n<td style=\"border: 1px solid #cecaca; text-align: center; vertical-align: middle;\"><img decoding=\"async\" src=\"https:\/\/agec.campeche.gob.mx\/wp-content\/uploads\/1485982193_Adobe_Acrobat_Reader-1.png\" alt=\"1485982193 Adobe Acrobat Reader\" \/><\/td>\n<\/tr>\n<\/tbody>\n<\/table>\n<p>[\/et_pb_text][\/et_pb_column][\/et_pb_row][\/et_pb_section]<\/p>\n","protected":false},"excerpt":{"rendered":"<p>I. Marco Normativo del Sujeto ObligadoLos sujetos obligados deber\u00e1n publicar un listado con la normatividad que emplean para el ejercicio de sus funciones. Cada norma deber\u00e1 estar categorizada y contener un hiperv\u00ednculo al documento correspondiente.\u00a0Per\u00edodo de Actualizaci\u00f3n:\u00a0Trimestral\u00a0Fecha de Actualizaci\u00f3n:07\/01\/2022\u00a0Fecha de Validaci\u00f3n:\u00a007\/01\/2022\u00a0Unidad(es) Administrativa(s) que genera(n) o posee(n) la Informaci\u00f3n:\u00a0Direcci\u00f3n de Asuntos Jur\u00eddicos de la Secretar\u00eda General [&hellip;]<\/p>\n","protected":false},"author":1,"featured_media":0,"parent":0,"menu_order":0,"comment_status":"closed","ping_status":"closed","template":"","meta":{"_acf_changed":false,"_et_pb_use_builder":"on","_et_pb_old_content":"","_et_gb_content_width":"","inline_featured_image":false,"footnotes":""},"class_list":["post-1746","page","type-page","status-publish","hentry"],"acf":[],"_links":{"self":[{"href":"https:\/\/agec.campeche.gob.mx\/index.php?rest_route=\/wp\/v2\/pages\/1746","targetHints":{"allow":["GET"]}}],"collection":[{"href":"https:\/\/agec.campeche.gob.mx\/index.php?rest_route=\/wp\/v2\/pages"}],"about":[{"href":"https:\/\/agec.campeche.gob.mx\/index.php?rest_route=\/wp\/v2\/types\/page"}],"author":[{"embeddable":true,"href":"https:\/\/agec.campeche.gob.mx\/index.php?rest_route=\/wp\/v2\/users\/1"}],"replies":[{"embeddable":true,"href":"https:\/\/agec.campeche.gob.mx\/index.php?rest_route=%2Fwp%2Fv2%2Fcomments&post=1746"}],"version-history":[{"count":7,"href":"https:\/\/agec.campeche.gob.mx\/index.php?rest_route=\/wp\/v2\/pages\/1746\/revisions"}],"predecessor-version":[{"id":2753,"href":"https:\/\/agec.campeche.gob.mx\/index.php?rest_route=\/wp\/v2\/pages\/1746\/revisions\/2753"}],"wp:attachment":[{"href":"https:\/\/agec.campeche.gob.mx\/index.php?rest_route=%2Fwp%2Fv2%2Fmedia&parent=1746"}],"curies":[{"name":"wp","href":"https:\/\/api.w.org\/{rel}","templated":true}]}}